{"id":4684,"date":"2025-01-27T18:52:28","date_gmt":"2025-01-27T17:52:28","guid":{"rendered":"https:\/\/gastropass360.com\/?page_id=4684"},"modified":"2025-01-27T18:52:28","modified_gmt":"2025-01-27T17:52:28","slug":"press-room-2","status":"publish","type":"page","link":"https:\/\/gastropass360.com\/en\/press-room-2\/","title":{"rendered":"Press Room"},"content":{"rendered":"\t\t<div data-elementor-type=\"wp-page\" data-elementor-id=\"4684\" class=\"elementor elementor-4684\" data-elementor-post-type=\"page\">\n\t\t\t\t\t\t<section class=\"elementor-section elementor-top-section elementor-element elementor-element-525d692 elementor-section-boxed elementor-section-height-default elementor-section-height-default\" data-id=\"525d692\" data-element_type=\"section\" data-e-type=\"section\">\n\t\t\t\t\t\t<div class=\"elementor-container elementor-column-gap-default\">\n\t\t\t\t\t<div class=\"elementor-column elementor-col-100 elementor-top-column elementor-element elementor-element-fb0df58\" data-id=\"fb0df58\" data-element_type=\"column\" data-e-type=\"column\">\n\t\t\t<div class=\"elementor-widget-wrap elementor-element-populated\">\n\t\t\t\t\t\t<div class=\"elementor-element elementor-element-d12ef8f elementor-widget elementor-widget-heading\" data-id=\"d12ef8f\" data-element_type=\"widget\" data-e-type=\"widget\" data-widget_type=\"heading.default\">\n\t\t\t\t<div class=\"elementor-widget-container\">\n\t\t\t\t\t<h2 class=\"elementor-heading-title elementor-size-default\">Press Room<\/h2>\t\t\t\t<\/div>\n\t\t\t\t<\/div>\n\t\t\t\t\t<\/div>\n\t\t<\/div>\n\t\t\t\t\t<\/div>\n\t\t<\/section>\n\t\t\t\t<section class=\"elementor-section elementor-top-section elementor-element elementor-element-07cd2bb elementor-section-boxed elementor-section-height-default elementor-section-height-default\" data-id=\"07cd2bb\" data-element_type=\"section\" data-e-type=\"section\">\n\t\t\t\t\t\t<div class=\"elementor-container elementor-column-gap-default\">\n\t\t\t\t\t<div class=\"elementor-column elementor-col-100 elementor-top-column elementor-element elementor-element-93a38e9\" data-id=\"93a38e9\" data-element_type=\"column\" data-e-type=\"column\">\n\t\t\t<div class=\"elementor-widget-wrap elementor-element-populated\">\n\t\t\t\t\t\t<div class=\"elementor-element elementor-element-f8ccd6f elementor-widget elementor-widget-image\" data-id=\"f8ccd6f\" data-element_type=\"widget\" data-e-type=\"widget\" data-widget_type=\"image.default\">\n\t\t\t\t<div class=\"elementor-widget-container\">\n\t\t\t\t\t\t\t\t\t\t\t\t\t\t\t<img decoding=\"async\" width=\"187\" height=\"69\" src=\"https:\/\/gastropass360.com\/wp-content\/uploads\/2022\/10\/2022.jpg\" class=\"attachment-large size-large wp-image-4450\" alt=\"\" \/>\t\t\t\t\t\t\t\t\t\t\t\t\t\t\t<\/div>\n\t\t\t\t<\/div>\n\t\t\t\t<section class=\"elementor-section elementor-inner-section elementor-element elementor-element-08d42c4 elementor-section-content-middle elementor-section-boxed elementor-section-height-default elementor-section-height-default\" data-id=\"08d42c4\" data-element_type=\"section\" data-e-type=\"section\">\n\t\t\t\t\t\t<div class=\"elementor-container elementor-column-gap-default\">\n\t\t\t\t\t<div class=\"elementor-column elementor-col-50 elementor-inner-column elementor-element elementor-element-f83b8f1\" data-id=\"f83b8f1\" data-element_type=\"column\" data-e-type=\"column\">\n\t\t\t<div class=\"elementor-widget-wrap elementor-element-populated\">\n\t\t\t\t\t\t<div class=\"elementor-element elementor-element-8b434ef elementor-widget elementor-widget-image\" data-id=\"8b434ef\" data-element_type=\"widget\" data-e-type=\"widget\" data-widget_type=\"image.default\">\n\t\t\t\t<div class=\"elementor-widget-container\">\n\t\t\t\t\t\t\t\t\t\t\t\t\t\t\t\t<a href=\"https:\/\/www.elpublicista.es\/festivales-y-premios\/alvaro-ales-grupo-360o-mc-presidente-jurado-eaca-impact-awards\" target=\"_blank\">\n\t\t\t\t\t\t\t<img decoding=\"async\" width=\"202\" height=\"83\" src=\"https:\/\/gastropass360.com\/wp-content\/uploads\/2022\/10\/logo-1592821748.png\" class=\"attachment-large size-large wp-image-4536\" alt=\"\" \/>\t\t\t\t\t\t\t\t<\/a>\n\t\t\t\t\t\t\t\t\t\t\t\t\t\t\t<\/div>\n\t\t\t\t<\/div>\n\t\t\t\t\t<\/div>\n\t\t<\/div>\n\t\t\t\t<div class=\"elementor-column elementor-col-50 elementor-inner-column elementor-element elementor-element-c664b96\" data-id=\"c664b96\" data-element_type=\"column\" data-e-type=\"column\">\n\t\t\t<div class=\"elementor-widget-wrap elementor-element-populated\">\n\t\t\t\t\t\t<div class=\"elementor-element elementor-element-dc3b1d2 elementor-widget elementor-widget-heading\" data-id=\"dc3b1d2\" data-element_type=\"widget\" data-e-type=\"widget\" data-widget_type=\"heading.default\">\n\t\t\t\t<div class=\"elementor-widget-container\">\n\t\t\t\t\t<h5 class=\"elementor-heading-title elementor-size-default\"><a href=\"https:\/\/www.elpublicista.es\/festivales-y-premios\/alvaro-ales-grupo-360o-mc-presidente-jurado-eaca-impact-awards\" target=\"_blank\">Alvaro Al\u00e9s, from the 360\u00ba MC Group, president of the EACA IMPACT Awards jury<\/a><\/h5>\t\t\t\t<\/div>\n\t\t\t\t<\/div>\n\t\t\t\t\t<\/div>\n\t\t<\/div>\n\t\t\t\t\t<\/div>\n\t\t<\/section>\n\t\t\t\t<section class=\"elementor-section elementor-inner-section elementor-element elementor-element-5a452f5 elementor-section-content-middle elementor-section-boxed elementor-section-height-default elementor-section-height-default\" data-id=\"5a452f5\" data-element_type=\"section\" data-e-type=\"section\">\n\t\t\t\t\t\t<div class=\"elementor-container elementor-column-gap-default\">\n\t\t\t\t\t<div class=\"elementor-column elementor-col-50 elementor-inner-column elementor-element elementor-element-6a1cafa\" data-id=\"6a1cafa\" data-element_type=\"column\" data-e-type=\"column\">\n\t\t\t<div class=\"elementor-widget-wrap elementor-element-populated\">\n\t\t\t\t\t\t<div class=\"elementor-element elementor-element-83e4cf6 elementor-widget elementor-widget-image\" data-id=\"83e4cf6\" data-element_type=\"widget\" data-e-type=\"widget\" data-widget_type=\"image.default\">\n\t\t\t\t<div class=\"elementor-widget-container\">\n\t\t\t\t\t\t\t\t\t\t\t\t\t\t\t\t<a href=\"https:\/\/www.larazon.es\/andalucia\/20221202\/lkbxreacwzd33hueutqw2cstwi.html\" target=\"_blank\">\n\t\t\t\t\t\t\t<img decoding=\"async\" width=\"195\" height=\"51\" src=\"https:\/\/gastropass360.com\/wp-content\/uploads\/2022\/06\/la-razon.png\" class=\"attachment-large size-large wp-image-3811\" alt=\"\" \/>\t\t\t\t\t\t\t\t<\/a>\n\t\t\t\t\t\t\t\t\t\t\t\t\t\t\t<\/div>\n\t\t\t\t<\/div>\n\t\t\t\t\t<\/div>\n\t\t<\/div>\n\t\t\t\t<div class=\"elementor-column elementor-col-50 elementor-inner-column elementor-element elementor-element-ded72e6\" data-id=\"ded72e6\" data-element_type=\"column\" data-e-type=\"column\">\n\t\t\t<div class=\"elementor-widget-wrap elementor-element-populated\">\n\t\t\t\t\t\t<div class=\"elementor-element elementor-element-6ddcae6 elementor-widget elementor-widget-heading\" data-id=\"6ddcae6\" data-element_type=\"widget\" data-e-type=\"widget\" data-widget_type=\"heading.default\">\n\t\t\t\t<div class=\"elementor-widget-container\">\n\t\t\t\t\t<h5 class=\"elementor-heading-title elementor-size-default\"><a href=\"https:\/\/www.larazon.es\/andalucia\/20221202\/lkbxreacwzd33hueutqw2cstwi.html\" target=\"_blank\">The call for the European EACA IMPACT Awards is open<\/a><\/h5>\t\t\t\t<\/div>\n\t\t\t\t<\/div>\n\t\t\t\t\t<\/div>\n\t\t<\/div>\n\t\t\t\t\t<\/div>\n\t\t<\/section>\n\t\t\t\t<section class=\"elementor-section elementor-inner-section elementor-element elementor-element-d09ea4e elementor-section-content-middle elementor-section-boxed elementor-section-height-default elementor-section-height-default\" data-id=\"d09ea4e\" data-element_type=\"section\" data-e-type=\"section\">\n\t\t\t\t\t\t<div class=\"elementor-container elementor-column-gap-default\">\n\t\t\t\t\t<div class=\"elementor-column elementor-col-50 elementor-inner-column elementor-element elementor-element-d75dbcb\" data-id=\"d75dbcb\" data-element_type=\"column\" data-e-type=\"column\">\n\t\t\t<div class=\"elementor-widget-wrap elementor-element-populated\">\n\t\t\t\t\t\t<div class=\"elementor-element elementor-element-d95eb5b elementor-widget elementor-widget-image\" data-id=\"d95eb5b\" data-element_type=\"widget\" data-e-type=\"widget\" data-widget_type=\"image.default\">\n\t\t\t\t<div class=\"elementor-widget-container\">\n\t\t\t\t\t\t\t\t\t\t\t\t\t\t\t\t<a href=\"https:\/\/www.extradigital.es\/andalucia-alvaro-ales\/\" target=\"_blank\">\n\t\t\t\t\t\t\t<img loading=\"lazy\" decoding=\"async\" width=\"251\" height=\"60\" src=\"https:\/\/gastropass360.com\/wp-content\/uploads\/2022\/10\/logo-extradigital.png\" class=\"attachment-large size-large wp-image-4488\" alt=\"\" \/>\t\t\t\t\t\t\t\t<\/a>\n\t\t\t\t\t\t\t\t\t\t\t\t\t\t\t<\/div>\n\t\t\t\t<\/div>\n\t\t\t\t\t<\/div>\n\t\t<\/div>\n\t\t\t\t<div class=\"elementor-column elementor-col-50 elementor-inner-column elementor-element elementor-element-9372ad3\" data-id=\"9372ad3\" data-element_type=\"column\" data-e-type=\"column\">\n\t\t\t<div class=\"elementor-widget-wrap elementor-element-populated\">\n\t\t\t\t\t\t<div class=\"elementor-element elementor-element-7fffc86 elementor-widget elementor-widget-heading\" data-id=\"7fffc86\" data-element_type=\"widget\" data-e-type=\"widget\" data-widget_type=\"heading.default\">\n\t\t\t\t<div class=\"elementor-widget-container\">\n\t\t\t\t\t<h5 class=\"elementor-heading-title elementor-size-default\"><a href=\"https:\/\/www.extradigital.es\/andalucia-alvaro-ales\/\" target=\"_blank\">\u00c1lvaro Al\u00e9s, the first Spaniard to chair the IMPACT Awards<\/a><\/h5>\t\t\t\t<\/div>\n\t\t\t\t<\/div>\n\t\t\t\t\t<\/div>\n\t\t<\/div>\n\t\t\t\t\t<\/div>\n\t\t<\/section>\n\t\t\t\t<section class=\"elementor-section elementor-inner-section elementor-element elementor-element-52251b6 elementor-section-content-middle elementor-section-boxed elementor-section-height-default elementor-section-height-default\" data-id=\"52251b6\" data-element_type=\"section\" data-e-type=\"section\">\n\t\t\t\t\t\t<div class=\"elementor-container elementor-column-gap-default\">\n\t\t\t\t\t<div class=\"elementor-column elementor-col-50 elementor-inner-column elementor-element elementor-element-6b712ab\" data-id=\"6b712ab\" data-element_type=\"column\" data-e-type=\"column\">\n\t\t\t<div class=\"elementor-widget-wrap elementor-element-populated\">\n\t\t\t\t\t\t<div class=\"elementor-element elementor-element-5e6decc elementor-widget elementor-widget-image\" data-id=\"5e6decc\" data-element_type=\"widget\" data-e-type=\"widget\" data-widget_type=\"image.default\">\n\t\t\t\t<div class=\"elementor-widget-container\">\n\t\t\t\t\t\t\t\t\t\t\t\t\t\t\t\t<a href=\"https:\/\/www.aepsevilla.org\/alvaro-ales-ceo-de-grupo-360o-mc-primer-espanol-en-presidir-los-premios-impact\/\" target=\"_blank\">\n\t\t\t\t\t\t\t<img loading=\"lazy\" decoding=\"async\" width=\"221\" height=\"102\" src=\"https:\/\/gastropass360.com\/wp-content\/uploads\/2022\/06\/AEPS-logo-header.png\" class=\"attachment-large size-large wp-image-3813\" alt=\"\" \/>\t\t\t\t\t\t\t\t<\/a>\n\t\t\t\t\t\t\t\t\t\t\t\t\t\t\t<\/div>\n\t\t\t\t<\/div>\n\t\t\t\t\t<\/div>\n\t\t<\/div>\n\t\t\t\t<div class=\"elementor-column elementor-col-50 elementor-inner-column elementor-element elementor-element-0af5a87\" data-id=\"0af5a87\" data-element_type=\"column\" data-e-type=\"column\">\n\t\t\t<div class=\"elementor-widget-wrap elementor-element-populated\">\n\t\t\t\t\t\t<div class=\"elementor-element elementor-element-d7e0d10 elementor-widget elementor-widget-heading\" data-id=\"d7e0d10\" data-element_type=\"widget\" data-e-type=\"widget\" data-widget_type=\"heading.default\">\n\t\t\t\t<div class=\"elementor-widget-container\">\n\t\t\t\t\t<h5 class=\"elementor-heading-title elementor-size-default\"><a href=\"https:\/\/www.aepsevilla.org\/alvaro-ales-ceo-de-grupo-360o-mc-primer-espanol-en-presidir-los-premios-impact\/\" target=\"_blank\">Our associate \u00c1lvaro Al\u00e9s, CEO of Grupo 360\u00ba MC, the first Spaniard to preside over the IMPACT awards<\/a><\/h5>\t\t\t\t<\/div>\n\t\t\t\t<\/div>\n\t\t\t\t\t<\/div>\n\t\t<\/div>\n\t\t\t\t\t<\/div>\n\t\t<\/section>\n\t\t\t\t<section class=\"elementor-section elementor-inner-section elementor-element elementor-element-d9c7709 elementor-section-content-middle elementor-section-boxed elementor-section-height-default elementor-section-height-default\" data-id=\"d9c7709\" data-element_type=\"section\" data-e-type=\"section\">\n\t\t\t\t\t\t<div class=\"elementor-container elementor-column-gap-default\">\n\t\t\t\t\t<div class=\"elementor-column elementor-col-50 elementor-inner-column elementor-element elementor-element-ed13214\" data-id=\"ed13214\" data-element_type=\"column\" data-e-type=\"column\">\n\t\t\t<div class=\"elementor-widget-wrap elementor-element-populated\">\n\t\t\t\t\t\t<div class=\"elementor-element elementor-element-50c3610 elementor-widget elementor-widget-image\" data-id=\"50c3610\" data-element_type=\"widget\" data-e-type=\"widget\" data-widget_type=\"image.default\">\n\t\t\t\t<div class=\"elementor-widget-container\">\n\t\t\t\t\t\t\t\t\t\t\t\t\t\t\t\t<a href=\"https:\/\/elcorreoweb.es\/economia\/gastropass-360-colaborador-de-world-football-summit-con-su-guia-dedicada-a-la-bienal-de-flamenco-DY8111702\" target=\"_blank\">\n\t\t\t\t\t\t\t<img loading=\"lazy\" decoding=\"async\" width=\"207\" height=\"51\" src=\"https:\/\/gastropass360.com\/wp-content\/uploads\/2022\/06\/Enmascarar-grupo-72.png\" class=\"attachment-large size-large wp-image-3815\" alt=\"\" \/>\t\t\t\t\t\t\t\t<\/a>\n\t\t\t\t\t\t\t\t\t\t\t\t\t\t\t<\/div>\n\t\t\t\t<\/div>\n\t\t\t\t\t<\/div>\n\t\t<\/div>\n\t\t\t\t<div class=\"elementor-column elementor-col-50 elementor-inner-column elementor-element elementor-element-887e6b7\" data-id=\"887e6b7\" data-element_type=\"column\" data-e-type=\"column\">\n\t\t\t<div class=\"elementor-widget-wrap elementor-element-populated\">\n\t\t\t\t\t\t<div class=\"elementor-element elementor-element-696160e elementor-widget elementor-widget-heading\" data-id=\"696160e\" data-element_type=\"widget\" data-e-type=\"widget\" data-widget_type=\"heading.default\">\n\t\t\t\t<div class=\"elementor-widget-container\">\n\t\t\t\t\t<h5 class=\"elementor-heading-title elementor-size-default\"><a href=\"https:\/\/elcorreoweb.es\/economia\/gastropass-360-colaborador-de-world-football-summit-con-su-guia-dedicada-a-la-bienal-de-flamenco-DY8111702\" target=\"_blank\">Gastropass 360\u00ba, collaborator of the World Football Summit with its guide dedicated to La Bienal de Flamenco<\/a><\/h5>\t\t\t\t<\/div>\n\t\t\t\t<\/div>\n\t\t\t\t\t<\/div>\n\t\t<\/div>\n\t\t\t\t\t<\/div>\n\t\t<\/section>\n\t\t\t\t<section class=\"elementor-section elementor-inner-section elementor-element elementor-element-694afd1 elementor-section-content-middle elementor-section-boxed elementor-section-height-default elementor-section-height-default\" data-id=\"694afd1\" data-element_type=\"section\" data-e-type=\"section\">\n\t\t\t\t\t\t<div class=\"elementor-container elementor-column-gap-default\">\n\t\t\t\t\t<div class=\"elementor-column elementor-col-50 elementor-inner-column elementor-element elementor-element-74569f9\" data-id=\"74569f9\" data-element_type=\"column\" data-e-type=\"column\">\n\t\t\t<div class=\"elementor-widget-wrap elementor-element-populated\">\n\t\t\t\t\t\t<div class=\"elementor-element elementor-element-e2f17df elementor-widget elementor-widget-image\" data-id=\"e2f17df\" data-element_type=\"widget\" data-e-type=\"widget\" data-widget_type=\"image.default\">\n\t\t\t\t<div class=\"elementor-widget-container\">\n\t\t\t\t\t\t\t\t\t\t\t\t\t\t\t\t<a href=\"https:\/\/www.larazon.es\/andalucia\/sevilla\/20221007\/fuqvy2ygj5a6zcrmqitk24bw3q.html\" target=\"_blank\">\n\t\t\t\t\t\t\t<img decoding=\"async\" width=\"195\" height=\"51\" src=\"https:\/\/gastropass360.com\/wp-content\/uploads\/2022\/06\/la-razon.png\" class=\"attachment-large size-large wp-image-3811\" alt=\"\" \/>\t\t\t\t\t\t\t\t<\/a>\n\t\t\t\t\t\t\t\t\t\t\t\t\t\t\t<\/div>\n\t\t\t\t<\/div>\n\t\t\t\t\t<\/div>\n\t\t<\/div>\n\t\t\t\t<div class=\"elementor-column elementor-col-50 elementor-inner-column elementor-element elementor-element-e1547ee\" data-id=\"e1547ee\" data-element_type=\"column\" data-e-type=\"column\">\n\t\t\t<div class=\"elementor-widget-wrap elementor-element-populated\">\n\t\t\t\t\t\t<div class=\"elementor-element elementor-element-cc4bb59 elementor-widget elementor-widget-heading\" data-id=\"cc4bb59\" data-element_type=\"widget\" data-e-type=\"widget\" data-widget_type=\"heading.default\">\n\t\t\t\t<div class=\"elementor-widget-container\">\n\t\t\t\t\t<h5 class=\"elementor-heading-title elementor-size-default\"><a href=\"https:\/\/www.larazon.es\/andalucia\/sevilla\/20221007\/fuqvy2ygj5a6zcrmqitk24bw3q.html\" target=\"_blank\">Gastropass 360\u00ba distributes its new guide dedicated to the Bienal de Flamenco de Sevilla at the World Football Summit<\/a><\/h5>\t\t\t\t<\/div>\n\t\t\t\t<\/div>\n\t\t\t\t\t<\/div>\n\t\t<\/div>\n\t\t\t\t\t<\/div>\n\t\t<\/section>\n\t\t\t\t<section class=\"elementor-section elementor-inner-section elementor-element elementor-element-dca6a43 elementor-section-content-middle elementor-section-boxed elementor-section-height-default elementor-section-height-default\" data-id=\"dca6a43\" data-element_type=\"section\" data-e-type=\"section\">\n\t\t\t\t\t\t<div class=\"elementor-container elementor-column-gap-default\">\n\t\t\t\t\t<div class=\"elementor-column elementor-col-50 elementor-inner-column elementor-element elementor-element-54af784\" data-id=\"54af784\" data-element_type=\"column\" data-e-type=\"column\">\n\t\t\t<div class=\"elementor-widget-wrap elementor-element-populated\">\n\t\t\t\t\t\t<div class=\"elementor-element elementor-element-dd1336a elementor-widget elementor-widget-image\" data-id=\"dd1336a\" data-element_type=\"widget\" data-e-type=\"widget\" data-widget_type=\"image.default\">\n\t\t\t\t<div class=\"elementor-widget-container\">\n\t\t\t\t\t\t\t\t\t\t\t\t\t\t\t\t<a href=\"https:\/\/elcorreoweb.es\/andalucia\/carlos-herrera-y-dircom-andalucia-refuerzan-el-valor-de-la-gastronomia-sanluquena-como-marca-andalucia-DY8001775\" target=\"_blank\">\n\t\t\t\t\t\t\t<img loading=\"lazy\" decoding=\"async\" width=\"207\" height=\"51\" src=\"https:\/\/gastropass360.com\/wp-content\/uploads\/2022\/06\/Enmascarar-grupo-72.png\" class=\"attachment-large size-large wp-image-3815\" alt=\"\" \/>\t\t\t\t\t\t\t\t<\/a>\n\t\t\t\t\t\t\t\t\t\t\t\t\t\t\t<\/div>\n\t\t\t\t<\/div>\n\t\t\t\t\t<\/div>\n\t\t<\/div>\n\t\t\t\t<div class=\"elementor-column elementor-col-50 elementor-inner-column elementor-element elementor-element-235b375\" data-id=\"235b375\" data-element_type=\"column\" data-e-type=\"column\">\n\t\t\t<div class=\"elementor-widget-wrap elementor-element-populated\">\n\t\t\t\t\t\t<div class=\"elementor-element elementor-element-48a9bf6 elementor-widget elementor-widget-heading\" data-id=\"48a9bf6\" data-element_type=\"widget\" data-e-type=\"widget\" data-widget_type=\"heading.default\">\n\t\t\t\t<div class=\"elementor-widget-container\">\n\t\t\t\t\t<h5 class=\"elementor-heading-title elementor-size-default\"><a href=\"https:\/\/elcorreoweb.es\/andalucia\/carlos-herrera-y-dircom-andalucia-refuerzan-el-valor-de-la-gastronomia-sanluquena-como-marca-andalucia-DY8001775\" target=\"_blank\">\"Death by Prawns\": Carlos Herrera and Dircom Andaluc\u00eda reinforce the value of Sanl\u00facar gastronomy as an Andalusia brand<\/a><\/h5>\t\t\t\t<\/div>\n\t\t\t\t<\/div>\n\t\t\t\t\t<\/div>\n\t\t<\/div>\n\t\t\t\t\t<\/div>\n\t\t<\/section>\n\t\t\t\t<section class=\"elementor-section elementor-inner-section elementor-element elementor-element-4b4ea42 elementor-section-content-middle elementor-section-boxed elementor-section-height-default elementor-section-height-default\" data-id=\"4b4ea42\" data-element_type=\"section\" data-e-type=\"section\">\n\t\t\t\t\t\t<div class=\"elementor-container elementor-column-gap-default\">\n\t\t\t\t\t<div class=\"elementor-column elementor-col-50 elementor-inner-column elementor-element elementor-element-1cad8ad\" data-id=\"1cad8ad\" data-element_type=\"column\" data-e-type=\"column\">\n\t\t\t<div class=\"elementor-widget-wrap elementor-element-populated\">\n\t\t\t\t\t\t<div class=\"elementor-element elementor-element-bf275dd elementor-widget elementor-widget-image\" data-id=\"bf275dd\" data-element_type=\"widget\" data-e-type=\"widget\" data-widget_type=\"image.default\">\n\t\t\t\t<div class=\"elementor-widget-container\">\n\t\t\t\t\t\t\t\t\t\t\t\t\t\t\t\t<a href=\"http:\/\/www.labienal.com\/noticias\/bienal-documental-vigilia-perfecta-andres-marin\" target=\"_blank\">\n\t\t\t\t\t\t\t<img decoding=\"async\" width=\"195\" height=\"51\" src=\"https:\/\/gastropass360.com\/wp-content\/uploads\/2022\/06\/la-razon.png\" class=\"attachment-large size-large wp-image-3811\" alt=\"\" \/>\t\t\t\t\t\t\t\t<\/a>\n\t\t\t\t\t\t\t\t\t\t\t\t\t\t\t<\/div>\n\t\t\t\t<\/div>\n\t\t\t\t\t<\/div>\n\t\t<\/div>\n\t\t\t\t<div class=\"elementor-column elementor-col-50 elementor-inner-column elementor-element elementor-element-83ab1a4\" data-id=\"83ab1a4\" data-element_type=\"column\" data-e-type=\"column\">\n\t\t\t<div class=\"elementor-widget-wrap elementor-element-populated\">\n\t\t\t\t\t\t<div class=\"elementor-element elementor-element-b8fe830 elementor-widget elementor-widget-heading\" data-id=\"b8fe830\" data-element_type=\"widget\" data-e-type=\"widget\" data-widget_type=\"heading.default\">\n\t\t\t\t<div class=\"elementor-widget-container\">\n\t\t\t\t\t<h5 class=\"elementor-heading-title elementor-size-default\"><a href=\"http:\/\/www.labienal.com\/noticias\/bienal-documental-vigilia-perfecta-andres-marin\" target=\"_blank\">Gastropass360: AWARD FOR DIGITALIZATION IN THE GASTRONOMY AND TOURISM SECTOR.<\/a><\/h5>\t\t\t\t<\/div>\n\t\t\t\t<\/div>\n\t\t\t\t\t<\/div>\n\t\t<\/div>\n\t\t\t\t\t<\/div>\n\t\t<\/section>\n\t\t\t\t<section class=\"elementor-section elementor-inner-section elementor-element elementor-element-4a8b34c elementor-section-content-middle elementor-section-boxed elementor-section-height-default elementor-section-height-default\" data-id=\"4a8b34c\" data-element_type=\"section\" data-e-type=\"section\">\n\t\t\t\t\t\t<div class=\"elementor-container elementor-column-gap-default\">\n\t\t\t\t\t<div class=\"elementor-column elementor-col-50 elementor-inner-column elementor-element elementor-element-2e729a7\" data-id=\"2e729a7\" data-element_type=\"column\" data-e-type=\"column\">\n\t\t\t<div class=\"elementor-widget-wrap elementor-element-populated\">\n\t\t\t\t\t\t<div class=\"elementor-element elementor-element-0dd40ad elementor-widget elementor-widget-image\" data-id=\"0dd40ad\" data-element_type=\"widget\" data-e-type=\"widget\" data-widget_type=\"image.default\">\n\t\t\t\t<div class=\"elementor-widget-container\">\n\t\t\t\t\t\t\t\t\t\t\t\t\t\t\t\t<a href=\"https:\/\/elcorreoweb.es\/economia\/la-agencia-sevillana-360-mc-premiada-en-los-imcc-european-awards-IJ7812758\" target=\"_blank\">\n\t\t\t\t\t\t\t<img loading=\"lazy\" decoding=\"async\" width=\"207\" height=\"51\" src=\"https:\/\/gastropass360.com\/wp-content\/uploads\/2022\/06\/Enmascarar-grupo-72.png\" class=\"attachment-large size-large wp-image-3815\" alt=\"\" \/>\t\t\t\t\t\t\t\t<\/a>\n\t\t\t\t\t\t\t\t\t\t\t\t\t\t\t<\/div>\n\t\t\t\t<\/div>\n\t\t\t\t\t<\/div>\n\t\t<\/div>\n\t\t\t\t<div class=\"elementor-column elementor-col-50 elementor-inner-column elementor-element elementor-element-97b84f6\" data-id=\"97b84f6\" data-element_type=\"column\" data-e-type=\"column\">\n\t\t\t<div class=\"elementor-widget-wrap elementor-element-populated\">\n\t\t\t\t\t\t<div class=\"elementor-element elementor-element-0ec9f32 elementor-widget elementor-widget-heading\" data-id=\"0ec9f32\" data-element_type=\"widget\" data-e-type=\"widget\" data-widget_type=\"heading.default\">\n\t\t\t\t<div class=\"elementor-widget-container\">\n\t\t\t\t\t<h5 class=\"elementor-heading-title elementor-size-default\"><a href=\"https:\/\/elcorreoweb.es\/economia\/la-agencia-sevillana-360-mc-premiada-en-los-imcc-european-awards-IJ7812758\" target=\"_blank\">Gastropass 360\u00ba wins in the \u201cDigitalization in Hospitality and Tourism\u201d category at the GASTRO &amp; CIA awards.<\/a><\/h5>\t\t\t\t<\/div>\n\t\t\t\t<\/div>\n\t\t\t\t\t<\/div>\n\t\t<\/div>\n\t\t\t\t\t<\/div>\n\t\t<\/section>\n\t\t\t\t<section class=\"elementor-section elementor-inner-section elementor-element elementor-element-b1e436b elementor-section-content-middle elementor-section-boxed elementor-section-height-default elementor-section-height-default\" data-id=\"b1e436b\" data-element_type=\"section\" data-e-type=\"section\">\n\t\t\t\t\t\t<div class=\"elementor-container elementor-column-gap-default\">\n\t\t\t\t\t<div class=\"elementor-column elementor-col-50 elementor-inner-column elementor-element elementor-element-f501625\" data-id=\"f501625\" data-element_type=\"column\" data-e-type=\"column\">\n\t\t\t<div class=\"elementor-widget-wrap elementor-element-populated\">\n\t\t\t\t\t\t<div class=\"elementor-element elementor-element-35fe2ee elementor-widget elementor-widget-image\" data-id=\"35fe2ee\" data-element_type=\"widget\" data-e-type=\"widget\" data-widget_type=\"image.default\">\n\t\t\t\t<div class=\"elementor-widget-container\">\n\t\t\t\t\t\t\t\t\t\t\t\t\t\t\t\t<a href=\"https:\/\/www.aepsevilla.org\/los-premios-gastro-cia-del-periodico-la-razon-galardonan-a-alvaro-ales-de-360o-mc-por-su-empresa-gastropass-360o\/\" target=\"_blank\">\n\t\t\t\t\t\t\t<img loading=\"lazy\" decoding=\"async\" width=\"221\" height=\"102\" src=\"https:\/\/gastropass360.com\/wp-content\/uploads\/2022\/06\/AEPS-logo-header.png\" class=\"attachment-large size-large wp-image-3813\" alt=\"\" \/>\t\t\t\t\t\t\t\t<\/a>\n\t\t\t\t\t\t\t\t\t\t\t\t\t\t\t<\/div>\n\t\t\t\t<\/div>\n\t\t\t\t\t<\/div>\n\t\t<\/div>\n\t\t\t\t<div class=\"elementor-column elementor-col-50 elementor-inner-column elementor-element elementor-element-07cb718\" data-id=\"07cb718\" data-element_type=\"column\" data-e-type=\"column\">\n\t\t\t<div class=\"elementor-widget-wrap elementor-element-populated\">\n\t\t\t\t\t\t<div class=\"elementor-element elementor-element-719ff08 elementor-widget elementor-widget-heading\" data-id=\"719ff08\" data-element_type=\"widget\" data-e-type=\"widget\" data-widget_type=\"heading.default\">\n\t\t\t\t<div class=\"elementor-widget-container\">\n\t\t\t\t\t<h5 class=\"elementor-heading-title elementor-size-default\"><a href=\"https:\/\/www.aepsevilla.org\/los-premios-gastro-cia-del-periodico-la-razon-galardonan-a-alvaro-ales-de-360o-mc-por-su-empresa-gastropass-360o\/\" target=\"_blank\">The GASTRO &amp; CIA awards from the newspaper LA RAZ\u00d3N honor \u00c1lvaro Al\u00e9s from 360\u00ba MC for his company Gastropass 360\u00ba<\/a><\/h5>\t\t\t\t<\/div>\n\t\t\t\t<\/div>\n\t\t\t\t\t<\/div>\n\t\t<\/div>\n\t\t\t\t\t<\/div>\n\t\t<\/section>\n\t\t\t\t<div class=\"elementor-element elementor-element-f237569 elementor-widget elementor-widget-image\" data-id=\"f237569\" data-element_type=\"widget\" data-e-type=\"widget\" data-widget_type=\"image.default\">\n\t\t\t\t<div class=\"elementor-widget-container\">\n\t\t\t\t\t\t\t\t\t\t\t\t\t\t\t<img loading=\"lazy\" decoding=\"async\" width=\"187\" height=\"69\" src=\"https:\/\/gastropass360.com\/wp-content\/uploads\/2022\/10\/Grupo-897.jpg\" class=\"attachment-large size-large wp-image-4465\" alt=\"\" \/>\t\t\t\t\t\t\t\t\t\t\t\t\t\t\t<\/div>\n\t\t\t\t<\/div>\n\t\t\t\t<section class=\"elementor-section elementor-inner-section elementor-element elementor-element-d9d770f elementor-section-content-middle elementor-section-boxed elementor-section-height-default elementor-section-height-default\" data-id=\"d9d770f\" data-element_type=\"section\" data-e-type=\"section\">\n\t\t\t\t\t\t<div class=\"elementor-container elementor-column-gap-default\">\n\t\t\t\t\t<div class=\"elementor-column elementor-col-50 elementor-inner-column elementor-element elementor-element-a2a90b5\" data-id=\"a2a90b5\" data-element_type=\"column\" data-e-type=\"column\">\n\t\t\t<div class=\"elementor-widget-wrap elementor-element-populated\">\n\t\t\t\t\t\t<div class=\"elementor-element elementor-element-c80d736 elementor-widget elementor-widget-image\" data-id=\"c80d736\" data-element_type=\"widget\" data-e-type=\"widget\" data-widget_type=\"image.default\">\n\t\t\t\t<div class=\"elementor-widget-container\">\n\t\t\t\t\t\t\t\t\t\t\t\t\t\t\t\t<a href=\"https:\/\/www.extradigital.es\/consulta-la-lista-de-finalistas-de-los-premios-agripina-2021\/\" target=\"_blank\">\n\t\t\t\t\t\t\t<img loading=\"lazy\" decoding=\"async\" width=\"251\" height=\"60\" src=\"https:\/\/gastropass360.com\/wp-content\/uploads\/2022\/10\/logo-extradigital.png\" class=\"attachment-large size-large wp-image-4488\" alt=\"\" \/>\t\t\t\t\t\t\t\t<\/a>\n\t\t\t\t\t\t\t\t\t\t\t\t\t\t\t<\/div>\n\t\t\t\t<\/div>\n\t\t\t\t\t<\/div>\n\t\t<\/div>\n\t\t\t\t<div class=\"elementor-column elementor-col-50 elementor-inner-column elementor-element elementor-element-be8bfba\" data-id=\"be8bfba\" data-element_type=\"column\" data-e-type=\"column\">\n\t\t\t<div class=\"elementor-widget-wrap elementor-element-populated\">\n\t\t\t\t\t\t<div class=\"elementor-element elementor-element-807f67e elementor-widget elementor-widget-heading\" data-id=\"807f67e\" data-element_type=\"widget\" data-e-type=\"widget\" data-widget_type=\"heading.default\">\n\t\t\t\t<div class=\"elementor-widget-container\">\n\t\t\t\t\t<h5 class=\"elementor-heading-title elementor-size-default\"><a href=\"https:\/\/www.extradigital.es\/consulta-la-lista-de-finalistas-de-los-premios-agripina-2021\/\" target=\"_blank\">Check the list of finalists for the Agripina Awards 2021<\/a><\/h5>\t\t\t\t<\/div>\n\t\t\t\t<\/div>\n\t\t\t\t\t<\/div>\n\t\t<\/div>\n\t\t\t\t\t<\/div>\n\t\t<\/section>\n\t\t\t\t<div class=\"elementor-element elementor-element-42b0283 elementor-widget elementor-widget-image\" data-id=\"42b0283\" data-element_type=\"widget\" data-e-type=\"widget\" data-widget_type=\"image.default\">\n\t\t\t\t<div class=\"elementor-widget-container\">\n\t\t\t\t\t\t\t\t\t\t\t\t\t\t\t<img loading=\"lazy\" decoding=\"async\" width=\"187\" height=\"69\" src=\"https:\/\/gastropass360.com\/wp-content\/uploads\/2022\/10\/Grupo-898.jpg\" class=\"attachment-large size-large wp-image-4467\" alt=\"\" \/>\t\t\t\t\t\t\t\t\t\t\t\t\t\t\t<\/div>\n\t\t\t\t<\/div>\n\t\t\t\t<section class=\"elementor-section elementor-inner-section elementor-element elementor-element-cc60ec7 elementor-section-content-middle elementor-section-boxed elementor-section-height-default elementor-section-height-default\" data-id=\"cc60ec7\" data-element_type=\"section\" data-e-type=\"section\">\n\t\t\t\t\t\t<div class=\"elementor-container elementor-column-gap-default\">\n\t\t\t\t\t<div class=\"elementor-column elementor-col-50 elementor-inner-column elementor-element elementor-element-bfe7172\" data-id=\"bfe7172\" data-element_type=\"column\" data-e-type=\"column\">\n\t\t\t<div class=\"elementor-widget-wrap elementor-element-populated\">\n\t\t\t\t\t\t<div class=\"elementor-element elementor-element-058112e elementor-widget elementor-widget-image\" data-id=\"058112e\" data-element_type=\"widget\" data-e-type=\"widget\" data-widget_type=\"image.default\">\n\t\t\t\t<div class=\"elementor-widget-container\">\n\t\t\t\t\t\t\t\t\t\t\t\t\t\t\t\t<a href=\"https:\/\/graffica.info\/la-x-edicion-de-los-premios-agripina-coronan-a-grupo-abbsolute-como-agencia-del-ano-y-a-mientrastanto-por-la-mejor-campana\/\" target=\"_blank\">\n\t\t\t\t\t\t\t<img decoding=\"async\" src=\"https:\/\/gastropass360.com\/wp-content\/uploads\/elementor\/thumbs\/graffica-2021-500px-qzp15gzrzeseco4osml99k8j7sxttqyqg7op7v7ny8.png\" title=\"graffica-2021-500px\" alt=\"graffica-2021-500px\" loading=\"lazy\" \/>\t\t\t\t\t\t\t\t<\/a>\n\t\t\t\t\t\t\t\t\t\t\t\t\t\t\t<\/div>\n\t\t\t\t<\/div>\n\t\t\t\t\t<\/div>\n\t\t<\/div>\n\t\t\t\t<div class=\"elementor-column elementor-col-50 elementor-inner-column elementor-element elementor-element-de9d54c\" data-id=\"de9d54c\" data-element_type=\"column\" data-e-type=\"column\">\n\t\t\t<div class=\"elementor-widget-wrap elementor-element-populated\">\n\t\t\t\t\t\t<div class=\"elementor-element elementor-element-e5da3a7 elementor-widget elementor-widget-heading\" data-id=\"e5da3a7\" data-element_type=\"widget\" data-e-type=\"widget\" data-widget_type=\"heading.default\">\n\t\t\t\t<div class=\"elementor-widget-container\">\n\t\t\t\t\t<h5 class=\"elementor-heading-title elementor-size-default\"><a href=\"https:\/\/graffica.info\/la-x-edicion-de-los-premios-agripina-coronan-a-grupo-abbsolute-como-agencia-del-ano-y-a-mientrastanto-por-la-mejor-campana\/\" target=\"_blank\">The X edition of the Agripina Awards crown Grupo Abbsolute as agency of the year and Meanwhile for the best campaign<\/a><\/h5>\t\t\t\t<\/div>\n\t\t\t\t<\/div>\n\t\t\t\t\t<\/div>\n\t\t<\/div>\n\t\t\t\t\t<\/div>\n\t\t<\/section>\n\t\t\t\t<section class=\"elementor-section elementor-inner-section elementor-element elementor-element-87def7a elementor-section-content-middle elementor-section-boxed elementor-section-height-default elementor-section-height-default\" data-id=\"87def7a\" data-element_type=\"section\" data-e-type=\"section\">\n\t\t\t\t\t\t<div class=\"elementor-container elementor-column-gap-default\">\n\t\t\t\t\t<div class=\"elementor-column elementor-col-50 elementor-inner-column elementor-element elementor-element-4a9a144\" data-id=\"4a9a144\" data-element_type=\"column\" data-e-type=\"column\">\n\t\t\t<div class=\"elementor-widget-wrap elementor-element-populated\">\n\t\t\t\t\t\t<div class=\"elementor-element elementor-element-37c159f elementor-widget elementor-widget-image\" data-id=\"37c159f\" data-element_type=\"widget\" data-e-type=\"widget\" data-widget_type=\"image.default\">\n\t\t\t\t<div class=\"elementor-widget-container\">\n\t\t\t\t\t\t\t\t\t\t\t\t\t\t\t\t<a href=\"http:\/\/www.labienal.com\" target=\"_blank\">\n\t\t\t\t\t\t\t<img loading=\"lazy\" decoding=\"async\" width=\"396\" height=\"111\" src=\"https:\/\/gastropass360.com\/wp-content\/uploads\/2020\/11\/bienal-flamenco2020.png\" class=\"attachment-large size-large wp-image-2876\" alt=\"\" srcset=\"https:\/\/gastropass360.com\/wp-content\/uploads\/2020\/11\/bienal-flamenco2020.png 396w, https:\/\/gastropass360.com\/wp-content\/uploads\/2020\/11\/bienal-flamenco2020-300x84.png 300w\" sizes=\"(max-width: 396px) 100vw, 396px\" \/>\t\t\t\t\t\t\t\t<\/a>\n\t\t\t\t\t\t\t\t\t\t\t\t\t\t\t<\/div>\n\t\t\t\t<\/div>\n\t\t\t\t\t<\/div>\n\t\t<\/div>\n\t\t\t\t<div class=\"elementor-column elementor-col-50 elementor-inner-column elementor-element elementor-element-0d597ee\" data-id=\"0d597ee\" data-element_type=\"column\" data-e-type=\"column\">\n\t\t\t<div class=\"elementor-widget-wrap elementor-element-populated\">\n\t\t\t\t\t\t<div class=\"elementor-element elementor-element-1aa3124 elementor-widget elementor-widget-heading\" data-id=\"1aa3124\" data-element_type=\"widget\" data-e-type=\"widget\" data-widget_type=\"heading.default\">\n\t\t\t\t<div class=\"elementor-widget-container\">\n\t\t\t\t\t<h5 class=\"elementor-heading-title elementor-size-default\"><a href=\"http:\/\/www.labienal.com\/noticias\/bienal-documental-vigilia-perfecta-andres-marin\" target=\"_blank\">\"La Bienal\" premieres the documentary \u201cLa Vigilia Perfecta\u201d by Andr\u00e9s Mar\u00edn on International Flamenco Day<\/a><\/h5>\t\t\t\t<\/div>\n\t\t\t\t<\/div>\n\t\t\t\t\t<\/div>\n\t\t<\/div>\n\t\t\t\t\t<\/div>\n\t\t<\/section>\n\t\t\t\t<section class=\"elementor-section elementor-inner-section elementor-element elementor-element-d8ec92c elementor-section-content-middle elementor-section-boxed elementor-section-height-default elementor-section-height-default\" data-id=\"d8ec92c\" data-element_type=\"section\" data-e-type=\"section\">\n\t\t\t\t\t\t<div class=\"elementor-container elementor-column-gap-default\">\n\t\t\t\t\t<div class=\"elementor-column elementor-col-50 elementor-inner-column elementor-element elementor-element-109536e\" data-id=\"109536e\" data-element_type=\"column\" data-e-type=\"column\">\n\t\t\t<div class=\"elementor-widget-wrap elementor-element-populated\">\n\t\t\t\t\t\t<div class=\"elementor-element elementor-element-d13d2cc elementor-widget elementor-widget-image\" data-id=\"d13d2cc\" data-element_type=\"widget\" data-e-type=\"widget\" data-widget_type=\"image.default\">\n\t\t\t\t<div class=\"elementor-widget-container\">\n\t\t\t\t\t\t\t\t\t\t\t\t\t\t\t\t<a href=\"https:\/\/www.canalsur.es\/radio\/flamencoradio\/la-guia-gastropass-presenta-una-edicion-dedicada-a-la-bienal-de-flamenco\/1629908.html\" target=\"_blank\">\n\t\t\t\t\t\t\t<img loading=\"lazy\" decoding=\"async\" width=\"600\" height=\"187\" src=\"https:\/\/gastropass360.com\/wp-content\/uploads\/2020\/09\/logo-canalsur.png\" class=\"attachment-large size-large wp-image-2838\" alt=\"\" srcset=\"https:\/\/gastropass360.com\/wp-content\/uploads\/2020\/09\/logo-canalsur.png 600w, https:\/\/gastropass360.com\/wp-content\/uploads\/2020\/09\/logo-canalsur-300x94.png 300w\" sizes=\"(max-width: 600px) 100vw, 600px\" \/>\t\t\t\t\t\t\t\t<\/a>\n\t\t\t\t\t\t\t\t\t\t\t\t\t\t\t<\/div>\n\t\t\t\t<\/div>\n\t\t\t\t\t<\/div>\n\t\t<\/div>\n\t\t\t\t<div class=\"elementor-column elementor-col-50 elementor-inner-column elementor-element elementor-element-fde50dd\" data-id=\"fde50dd\" data-element_type=\"column\" data-e-type=\"column\">\n\t\t\t<div class=\"elementor-widget-wrap elementor-element-populated\">\n\t\t\t\t\t\t<div class=\"elementor-element elementor-element-8d16ef4 elementor-widget elementor-widget-heading\" data-id=\"8d16ef4\" data-element_type=\"widget\" data-e-type=\"widget\" data-widget_type=\"heading.default\">\n\t\t\t\t<div class=\"elementor-widget-container\">\n\t\t\t\t\t<h5 class=\"elementor-heading-title elementor-size-default\"><a href=\"https:\/\/www.canalsur.es\/radio\/flamencoradio\/la-guia-gastropass-presenta-una-edicion-dedicada-a-la-bienal-de-flamenco\/1629908.html\" target=\"_blank\">The Gastropass Guide dedicated to \"La Bienal de Flamenco\"<\/a><\/h5>\t\t\t\t<\/div>\n\t\t\t\t<\/div>\n\t\t\t\t\t<\/div>\n\t\t<\/div>\n\t\t\t\t\t<\/div>\n\t\t<\/section>\n\t\t\t\t<section class=\"elementor-section elementor-inner-section elementor-element elementor-element-d50438c elementor-section-content-middle elementor-section-boxed elementor-section-height-default elementor-section-height-default\" data-id=\"d50438c\" data-element_type=\"section\" data-e-type=\"section\">\n\t\t\t\t\t\t<div class=\"elementor-container elementor-column-gap-default\">\n\t\t\t\t\t<div class=\"elementor-column elementor-col-50 elementor-inner-column elementor-element elementor-element-c0c7cd2\" data-id=\"c0c7cd2\" data-element_type=\"column\" data-e-type=\"column\">\n\t\t\t<div class=\"elementor-widget-wrap elementor-element-populated\">\n\t\t\t\t\t\t<div class=\"elementor-element elementor-element-4e244cb elementor-widget elementor-widget-image\" data-id=\"4e244cb\" data-element_type=\"widget\" data-e-type=\"widget\" data-widget_type=\"image.default\">\n\t\t\t\t<div class=\"elementor-widget-container\">\n\t\t\t\t\t\t\t\t\t\t\t\t\t\t\t\t<a href=\"https:\/\/eldesmarque.com\/sevilla\/actualidad\/1222120-una-edicion-especial-de-la-guia-gastropass-que-se-fusiona-con-el-flamenco-de-la-bienal\" target=\"_blank\">\n\t\t\t\t\t\t\t<img decoding=\"async\" src=\"https:\/\/gastropass360.com\/wp-content\/uploads\/elementor\/thumbs\/logo-desmarque-qzp15aewnkjg524oanm44thb3hooggfqcno3284wzk.png\" title=\"logo-desmarque\" alt=\"logo-desmarque\" loading=\"lazy\" \/>\t\t\t\t\t\t\t\t<\/a>\n\t\t\t\t\t\t\t\t\t\t\t\t\t\t\t<\/div>\n\t\t\t\t<\/div>\n\t\t\t\t\t<\/div>\n\t\t<\/div>\n\t\t\t\t<div class=\"elementor-column elementor-col-50 elementor-inner-column elementor-element elementor-element-ac562c4\" data-id=\"ac562c4\" data-element_type=\"column\" data-e-type=\"column\">\n\t\t\t<div class=\"elementor-widget-wrap elementor-element-populated\">\n\t\t\t\t\t\t<div class=\"elementor-element elementor-element-5adbf57 elementor-widget elementor-widget-heading\" data-id=\"5adbf57\" data-element_type=\"widget\" data-e-type=\"widget\" data-widget_type=\"heading.default\">\n\t\t\t\t<div class=\"elementor-widget-container\">\n\t\t\t\t\t<h5 class=\"elementor-heading-title elementor-size-default\"><a href=\"https:\/\/eldesmarque.com\/sevilla\/actualidad\/1222120-una-edicion-especial-de-la-guia-gastropass-que-se-fusiona-con-el-flamenco-de-la-bienal\" target=\"_blank\">A special edition of the Gastropass Guide that merges with the flamenco of \"La Bienal\"<\/a><\/h5>\t\t\t\t<\/div>\n\t\t\t\t<\/div>\n\t\t\t\t\t<\/div>\n\t\t<\/div>\n\t\t\t\t\t<\/div>\n\t\t<\/section>\n\t\t\t\t<section class=\"elementor-section elementor-inner-section elementor-element elementor-element-2e343a8 elementor-section-content-middle elementor-section-boxed elementor-section-height-default elementor-section-height-default\" data-id=\"2e343a8\" data-element_type=\"section\" data-e-type=\"section\">\n\t\t\t\t\t\t<div class=\"elementor-container elementor-column-gap-default\">\n\t\t\t\t\t<div class=\"elementor-column elementor-col-50 elementor-inner-column elementor-element elementor-element-59f0fe5\" data-id=\"59f0fe5\" data-element_type=\"column\" data-e-type=\"column\">\n\t\t\t<div class=\"elementor-widget-wrap elementor-element-populated\">\n\t\t\t\t\t\t<div class=\"elementor-element elementor-element-78ffe81 elementor-widget elementor-widget-image\" data-id=\"78ffe81\" data-element_type=\"widget\" data-e-type=\"widget\" data-widget_type=\"image.default\">\n\t\t\t\t<div class=\"elementor-widget-container\">\n\t\t\t\t\t\t\t\t\t\t\t\t\t\t\t\t<a href=\"https:\/\/www.sevilla.org\/xxi-bienal-flamenco-2020\/material-de-prensa\/fotos-en-alta\/presentacion-guia-gastropass-360-edicion-bienal-de-flamenco-gourmet-experience-el-corte-ingles+\" target=\"_blank\">\n\t\t\t\t\t\t\t<img decoding=\"async\" src=\"https:\/\/gastropass360.com\/wp-content\/uploads\/elementor\/thumbs\/logo-Ayuntamiento-de-Sevilla-qzp159h2gqi7v3wgvr2qf1aujhnqdcj49vkds8tszk.png\" title=\"logo-Ayuntamiento-de-Sevilla\" alt=\"logo-Ayuntamiento-de-Sevilla\" loading=\"lazy\" \/>\t\t\t\t\t\t\t\t<\/a>\n\t\t\t\t\t\t\t\t\t\t\t\t\t\t\t<\/div>\n\t\t\t\t<\/div>\n\t\t\t\t\t<\/div>\n\t\t<\/div>\n\t\t\t\t<div class=\"elementor-column elementor-col-50 elementor-inner-column elementor-element elementor-element-88d5375\" data-id=\"88d5375\" data-element_type=\"column\" data-e-type=\"column\">\n\t\t\t<div class=\"elementor-widget-wrap elementor-element-populated\">\n\t\t\t\t\t\t<div class=\"elementor-element elementor-element-32fff98 elementor-widget elementor-widget-heading\" data-id=\"32fff98\" data-element_type=\"widget\" data-e-type=\"widget\" data-widget_type=\"heading.default\">\n\t\t\t\t<div class=\"elementor-widget-container\">\n\t\t\t\t\t<h5 class=\"elementor-heading-title elementor-size-default\"><a href=\"https:\/\/www.sevilla.org\/xxi-bienal-flamenco-2020\/material-de-prensa\/fotos-en-alta\/presentacion-guia-gastropass-360-edicion-bienal-de-flamenco-gourmet-experience-el-corte-ingles+\" target=\"_blank\">Gastropass 360 Edici\u00f3n Bienal de Flamenco Guide - Gourmet Experience \"El Corte Ingl\u00e9s\" Presentation<\/a><\/h5>\t\t\t\t<\/div>\n\t\t\t\t<\/div>\n\t\t\t\t\t<\/div>\n\t\t<\/div>\n\t\t\t\t\t<\/div>\n\t\t<\/section>\n\t\t\t\t<section class=\"elementor-section elementor-inner-section elementor-element elementor-element-bca693f elementor-section-content-middle elementor-section-boxed elementor-section-height-default elementor-section-height-default\" data-id=\"bca693f\" data-element_type=\"section\" data-e-type=\"section\">\n\t\t\t\t\t\t<div class=\"elementor-container elementor-column-gap-default\">\n\t\t\t\t\t<div class=\"elementor-column elementor-col-50 elementor-inner-column elementor-element elementor-element-fe61e59\" data-id=\"fe61e59\" data-element_type=\"column\" data-e-type=\"column\">\n\t\t\t<div class=\"elementor-widget-wrap elementor-element-populated\">\n\t\t\t\t\t\t<div class=\"elementor-element elementor-element-47e6f60 elementor-widget elementor-widget-image\" data-id=\"47e6f60\" data-element_type=\"widget\" data-e-type=\"widget\" data-widget_type=\"image.default\">\n\t\t\t\t<div class=\"elementor-widget-container\">\n\t\t\t\t\t\t\t\t\t\t\t\t\t\t\t\t<a href=\"https:\/\/www.larazon.es\/andalucia\/20200922\/gimvastjbve7hlixbzpmtlhlca.html\" target=\"_blank\">\n\t\t\t\t\t\t\t<img loading=\"lazy\" decoding=\"async\" width=\"600\" height=\"93\" src=\"https:\/\/gastropass360.com\/wp-content\/uploads\/2020\/09\/logo-La_Razon.png\" class=\"attachment-large size-large wp-image-2841\" alt=\"\" srcset=\"https:\/\/gastropass360.com\/wp-content\/uploads\/2020\/09\/logo-La_Razon.png 600w, https:\/\/gastropass360.com\/wp-content\/uploads\/2020\/09\/logo-La_Razon-300x47.png 300w\" sizes=\"(max-width: 600px) 100vw, 600px\" \/>\t\t\t\t\t\t\t\t<\/a>\n\t\t\t\t\t\t\t\t\t\t\t\t\t\t\t<\/div>\n\t\t\t\t<\/div>\n\t\t\t\t\t<\/div>\n\t\t<\/div>\n\t\t\t\t<div class=\"elementor-column elementor-col-50 elementor-inner-column elementor-element elementor-element-5b7413c\" data-id=\"5b7413c\" data-element_type=\"column\" data-e-type=\"column\">\n\t\t\t<div class=\"elementor-widget-wrap elementor-element-populated\">\n\t\t\t\t\t\t<div class=\"elementor-element elementor-element-32fcb05 elementor-widget elementor-widget-heading\" data-id=\"32fcb05\" data-element_type=\"widget\" data-e-type=\"widget\" data-widget_type=\"heading.default\">\n\t\t\t\t<div class=\"elementor-widget-container\">\n\t\t\t\t\t<h5 class=\"elementor-heading-title elementor-size-default\"><a href=\"https:\/\/www.larazon.es\/andalucia\/20200922\/gimvastjbve7hlixbzpmtlhlca.html\" target=\"_blank\">xperiencias virtuales 360\u00ba en la edici\u00f3n especial de la Gu\u00eda Gastropass dedicada a La Bienal de Flamenco de Sevilla<\/a><\/h5>\t\t\t\t<\/div>\n\t\t\t\t<\/div>\n\t\t\t\t\t<\/div>\n\t\t<\/div>\n\t\t\t\t\t<\/div>\n\t\t<\/section>\n\t\t\t\t<section class=\"elementor-section elementor-inner-section elementor-element elementor-element-38dec19 elementor-section-content-middle elementor-section-boxed elementor-section-height-default elementor-section-height-default\" data-id=\"38dec19\" data-element_type=\"section\" data-e-type=\"section\">\n\t\t\t\t\t\t<div class=\"elementor-container elementor-column-gap-default\">\n\t\t\t\t\t<div class=\"elementor-column elementor-col-50 elementor-inner-column elementor-element elementor-element-ec6fd17\" data-id=\"ec6fd17\" data-element_type=\"column\" data-e-type=\"column\">\n\t\t\t<div class=\"elementor-widget-wrap elementor-element-populated\">\n\t\t\t\t\t\t<div class=\"elementor-element elementor-element-b6e030c elementor-widget elementor-widget-image\" data-id=\"b6e030c\" data-element_type=\"widget\" data-e-type=\"widget\" data-widget_type=\"image.default\">\n\t\t\t\t<div class=\"elementor-widget-container\">\n\t\t\t\t\t\t\t\t\t\t\t\t\t\t\t\t<a href=\"https:\/\/cope-cdnmed.agilecontent.com\/resources\/mp3\/8\/9\/1600864893898.mp3?download\" target=\"_blank\">\n\t\t\t\t\t\t\t<img decoding=\"async\" src=\"https:\/\/gastropass360.com\/wp-content\/uploads\/elementor\/thumbs\/logo-cope-qzp159h2gqi7v3wgvr2qf1aujhnqdcj49vkds8tszk.png\" title=\"logo-cope\" alt=\"logo-cope\" loading=\"lazy\" \/>\t\t\t\t\t\t\t\t<\/a>\n\t\t\t\t\t\t\t\t\t\t\t\t\t\t\t<\/div>\n\t\t\t\t<\/div>\n\t\t\t\t\t<\/div>\n\t\t<\/div>\n\t\t\t\t<div class=\"elementor-column elementor-col-50 elementor-inner-column elementor-element elementor-element-43d4ec3\" data-id=\"43d4ec3\" data-element_type=\"column\" data-e-type=\"column\">\n\t\t\t<div class=\"elementor-widget-wrap elementor-element-populated\">\n\t\t\t\t\t\t<div class=\"elementor-element elementor-element-c8348e7 elementor-widget elementor-widget-heading\" data-id=\"c8348e7\" data-element_type=\"widget\" data-e-type=\"widget\" data-widget_type=\"heading.default\">\n\t\t\t\t<div class=\"elementor-widget-container\">\n\t\t\t\t\t<h5 class=\"elementor-heading-title elementor-size-default\"><a href=\"https:\/\/cope-cdnmed.agilecontent.com\/resources\/mp3\/8\/9\/1600864893898.mp3?download\" target=\"_blank\">Entrevista Agust\u00edn Bravo Herrera en Cope<\/a><\/h5>\t\t\t\t<\/div>\n\t\t\t\t<\/div>\n\t\t\t\t\t<\/div>\n\t\t<\/div>\n\t\t\t\t\t<\/div>\n\t\t<\/section>\n\t\t\t\t<section class=\"elementor-section elementor-inner-section elementor-element elementor-element-109bda8 elementor-section-content-middle elementor-section-boxed elementor-section-height-default elementor-section-height-default\" data-id=\"109bda8\" data-element_type=\"section\" data-e-type=\"section\">\n\t\t\t\t\t\t<div class=\"elementor-container elementor-column-gap-default\">\n\t\t\t\t\t<div class=\"elementor-column elementor-col-50 elementor-inner-column elementor-element elementor-element-3d994f0\" data-id=\"3d994f0\" data-element_type=\"column\" data-e-type=\"column\">\n\t\t\t<div class=\"elementor-widget-wrap elementor-element-populated\">\n\t\t\t\t\t\t<div class=\"elementor-element elementor-element-5b3f32e elementor-widget elementor-widget-image\" data-id=\"5b3f32e\" data-element_type=\"widget\" data-e-type=\"widget\" data-widget_type=\"image.default\">\n\t\t\t\t<div class=\"elementor-widget-container\">\n\t\t\t\t\t\t\t\t\t\t\t\t\t\t\t\t<a href=\"https:\/\/www.europapress.es\/andalucia\/sevilla-00357\/noticia-veintena-ponencias-encuentros-maridajes-muestras-rutas-actividades-bienal-enciende-sevilla-20200904145605.html\" target=\"_blank\">\n\t\t\t\t\t\t\t<img loading=\"lazy\" decoding=\"async\" width=\"600\" height=\"87\" src=\"https:\/\/gastropass360.com\/wp-content\/uploads\/2020\/09\/logo-europapress.png\" class=\"attachment-large size-large wp-image-2830\" alt=\"\" srcset=\"https:\/\/gastropass360.com\/wp-content\/uploads\/2020\/09\/logo-europapress.png 600w, https:\/\/gastropass360.com\/wp-content\/uploads\/2020\/09\/logo-europapress-300x44.png 300w\" sizes=\"(max-width: 600px) 100vw, 600px\" \/>\t\t\t\t\t\t\t\t<\/a>\n\t\t\t\t\t\t\t\t\t\t\t\t\t\t\t<\/div>\n\t\t\t\t<\/div>\n\t\t\t\t\t<\/div>\n\t\t<\/div>\n\t\t\t\t<div class=\"elementor-column elementor-col-50 elementor-inner-column elementor-element elementor-element-1a7c90f\" data-id=\"1a7c90f\" data-element_type=\"column\" data-e-type=\"column\">\n\t\t\t<div class=\"elementor-widget-wrap elementor-element-populated\">\n\t\t\t\t\t\t<div class=\"elementor-element elementor-element-9c5193b elementor-widget elementor-widget-heading\" data-id=\"9c5193b\" data-element_type=\"widget\" data-e-type=\"widget\" data-widget_type=\"heading.default\">\n\t\t\t\t<div class=\"elementor-widget-container\">\n\t\t\t\t\t<h5 class=\"elementor-heading-title elementor-size-default\"><a href=\"https:\/\/www.europapress.es\/andalucia\/sevilla-00357\/noticia-veintena-ponencias-encuentros-maridajes-muestras-rutas-actividades-bienal-enciende-sevilla-20200904145605.html\" target=\"_blank\">Una veintena de ponencias, encuentros, maridajes, muestras y rutas, con 'La Bienal enciende Sevilla'<\/a><\/h5>\t\t\t\t<\/div>\n\t\t\t\t<\/div>\n\t\t\t\t\t<\/div>\n\t\t<\/div>\n\t\t\t\t\t<\/div>\n\t\t<\/section>\n\t\t\t\t<section class=\"elementor-section elementor-inner-section elementor-element elementor-element-8d77b9b elementor-section-content-middle elementor-section-boxed elementor-section-height-default elementor-section-height-default\" data-id=\"8d77b9b\" data-element_type=\"section\" data-e-type=\"section\">\n\t\t\t\t\t\t<div class=\"elementor-container elementor-column-gap-default\">\n\t\t\t\t\t<div class=\"elementor-column elementor-col-50 elementor-inner-column elementor-element elementor-element-7886899\" data-id=\"7886899\" data-element_type=\"column\" data-e-type=\"column\">\n\t\t\t<div class=\"elementor-widget-wrap elementor-element-populated\">\n\t\t\t\t\t\t<div class=\"elementor-element elementor-element-eb11003 elementor-widget elementor-widget-image\" data-id=\"eb11003\" data-element_type=\"widget\" data-e-type=\"widget\" data-widget_type=\"image.default\">\n\t\t\t\t<div class=\"elementor-widget-container\">\n\t\t\t\t\t\t\t\t\t\t\t\t\t\t\t\t<a href=\"https:\/\/sevillabuenasnoticias.com\/la-bienal-expande-la-experiencia-flamenca-del-festival-mas-alla-de-los-escenarios\/\" target=\"_blank\">\n\t\t\t\t\t\t\t<img loading=\"lazy\" decoding=\"async\" width=\"600\" height=\"95\" src=\"https:\/\/gastropass360.com\/wp-content\/uploads\/2020\/09\/logo-sevilla-buenas-noticias.png\" class=\"attachment-large size-large wp-image-2831\" alt=\"\" srcset=\"https:\/\/gastropass360.com\/wp-content\/uploads\/2020\/09\/logo-sevilla-buenas-noticias.png 600w, https:\/\/gastropass360.com\/wp-content\/uploads\/2020\/09\/logo-sevilla-buenas-noticias-300x48.png 300w\" sizes=\"(max-width: 600px) 100vw, 600px\" \/>\t\t\t\t\t\t\t\t<\/a>\n\t\t\t\t\t\t\t\t\t\t\t\t\t\t\t<\/div>\n\t\t\t\t<\/div>\n\t\t\t\t\t<\/div>\n\t\t<\/div>\n\t\t\t\t<div class=\"elementor-column elementor-col-50 elementor-inner-column elementor-element elementor-element-3b65235\" data-id=\"3b65235\" data-element_type=\"column\" data-e-type=\"column\">\n\t\t\t<div class=\"elementor-widget-wrap elementor-element-populated\">\n\t\t\t\t\t\t<div class=\"elementor-element elementor-element-aada50f elementor-widget elementor-widget-heading\" data-id=\"aada50f\" data-element_type=\"widget\" data-e-type=\"widget\" data-widget_type=\"heading.default\">\n\t\t\t\t<div class=\"elementor-widget-container\">\n\t\t\t\t\t<h5 class=\"elementor-heading-title elementor-size-default\"><a href=\"https:\/\/sevillabuenasnoticias.com\/la-bienal-expande-la-experiencia-flamenca-del-festival-mas-alla-de-los-escenarios\/\" target=\"_blank\">La Bienal expande la experiencia flamenca del festival m\u00e1s all\u00e1 de los escenarios<\/a><\/h5>\t\t\t\t<\/div>\n\t\t\t\t<\/div>\n\t\t\t\t\t<\/div>\n\t\t<\/div>\n\t\t\t\t\t<\/div>\n\t\t<\/section>\n\t\t\t\t<section class=\"elementor-section elementor-inner-section elementor-element elementor-element-f978f60 elementor-section-content-middle elementor-section-boxed elementor-section-height-default elementor-section-height-default\" data-id=\"f978f60\" data-element_type=\"section\" data-e-type=\"section\">\n\t\t\t\t\t\t<div class=\"elementor-container elementor-column-gap-default\">\n\t\t\t\t\t<div class=\"elementor-column elementor-col-50 elementor-inner-column elementor-element elementor-element-4bac81c\" data-id=\"4bac81c\" data-element_type=\"column\" data-e-type=\"column\">\n\t\t\t<div class=\"elementor-widget-wrap elementor-element-populated\">\n\t\t\t\t\t\t<div class=\"elementor-element elementor-element-3a56311 elementor-widget elementor-widget-image\" data-id=\"3a56311\" data-element_type=\"widget\" data-e-type=\"widget\" data-widget_type=\"image.default\">\n\t\t\t\t<div class=\"elementor-widget-container\">\n\t\t\t\t\t\t\t\t\t\t\t\t\t\t\t\t<a href=\"https:\/\/www.20minutos.es\/noticia\/4370028\/0\/una-veintena-de-ponencias-encuentros-maridajes-muestras-y-rutas-con-la-bienal-enciende-sevilla\/\" target=\"_blank\">\n\t\t\t\t\t\t\t<img decoding=\"async\" src=\"https:\/\/gastropass360.com\/wp-content\/uploads\/elementor\/thumbs\/logo-20_minutos-qzp15aewnkjg524oanm44thb3hooggfqcno3284wzk.png\" title=\"logo-20_minutos\" alt=\"logo-20_minutos\" loading=\"lazy\" \/>\t\t\t\t\t\t\t\t<\/a>\n\t\t\t\t\t\t\t\t\t\t\t\t\t\t\t<\/div>\n\t\t\t\t<\/div>\n\t\t\t\t\t<\/div>\n\t\t<\/div>\n\t\t\t\t<div class=\"elementor-column elementor-col-50 elementor-inner-column elementor-element elementor-element-e3646d2\" data-id=\"e3646d2\" data-element_type=\"column\" data-e-type=\"column\">\n\t\t\t<div class=\"elementor-widget-wrap elementor-element-populated\">\n\t\t\t\t\t\t<div class=\"elementor-element elementor-element-ad7162e elementor-widget elementor-widget-heading\" data-id=\"ad7162e\" data-element_type=\"widget\" data-e-type=\"widget\" data-widget_type=\"heading.default\">\n\t\t\t\t<div class=\"elementor-widget-container\">\n\t\t\t\t\t<h5 class=\"elementor-heading-title elementor-size-default\"><a href=\"https:\/\/www.20minutos.es\/noticia\/4370028\/0\/una-veintena-de-ponencias-encuentros-maridajes-muestras-y-rutas-con-la-bienal-enciende-sevilla\/\" target=\"_blank\">Una veintena de ponencias, encuentros, maridajes, muestras y rutas, con 'La Bienal enciende Sevilla'<\/a><\/h5>\t\t\t\t<\/div>\n\t\t\t\t<\/div>\n\t\t\t\t\t<\/div>\n\t\t<\/div>\n\t\t\t\t\t<\/div>\n\t\t<\/section>\n\t\t\t\t<section class=\"elementor-section elementor-inner-section elementor-element elementor-element-8bc82c9 elementor-section-content-middle elementor-section-boxed elementor-section-height-default elementor-section-height-default\" data-id=\"8bc82c9\" data-element_type=\"section\" data-e-type=\"section\">\n\t\t\t\t\t\t<div class=\"elementor-container elementor-column-gap-default\">\n\t\t\t\t\t<div class=\"elementor-column elementor-col-50 elementor-inner-column elementor-element elementor-element-f782879\" data-id=\"f782879\" data-element_type=\"column\" data-e-type=\"column\">\n\t\t\t<div class=\"elementor-widget-wrap elementor-element-populated\">\n\t\t\t\t\t\t<div class=\"elementor-element elementor-element-cc794b6 elementor-widget elementor-widget-image\" data-id=\"cc794b6\" data-element_type=\"widget\" data-e-type=\"widget\" data-widget_type=\"image.default\">\n\t\t\t\t<div class=\"elementor-widget-container\">\n\t\t\t\t\t\t\t\t\t\t\t\t\t\t\t\t<a href=\"https:\/\/andaluciainformacion.es\/sevilla\/917683\/la-bienal-enciende-sevilla-la-propuesta-cultural-mas-jonda-de-la-diputacion\/\" target=\"_blank\">\n\t\t\t\t\t\t\t<img loading=\"lazy\" decoding=\"async\" width=\"600\" height=\"128\" src=\"https:\/\/gastropass360.com\/wp-content\/uploads\/2020\/09\/logo-andalucia-informacion.png\" class=\"attachment-large size-large wp-image-2833\" alt=\"\" srcset=\"https:\/\/gastropass360.com\/wp-content\/uploads\/2020\/09\/logo-andalucia-informacion.png 600w, https:\/\/gastropass360.com\/wp-content\/uploads\/2020\/09\/logo-andalucia-informacion-300x64.png 300w\" sizes=\"(max-width: 600px) 100vw, 600px\" \/>\t\t\t\t\t\t\t\t<\/a>\n\t\t\t\t\t\t\t\t\t\t\t\t\t\t\t<\/div>\n\t\t\t\t<\/div>\n\t\t\t\t\t<\/div>\n\t\t<\/div>\n\t\t\t\t<div class=\"elementor-column elementor-col-50 elementor-inner-column elementor-element elementor-element-d8720bc\" data-id=\"d8720bc\" data-element_type=\"column\" data-e-type=\"column\">\n\t\t\t<div class=\"elementor-widget-wrap elementor-element-populated\">\n\t\t\t\t\t\t<div class=\"elementor-element elementor-element-3ad8ea5 elementor-widget elementor-widget-heading\" data-id=\"3ad8ea5\" data-element_type=\"widget\" data-e-type=\"widget\" data-widget_type=\"heading.default\">\n\t\t\t\t<div class=\"elementor-widget-container\">\n\t\t\t\t\t<h5 class=\"elementor-heading-title elementor-size-default\"><a href=\"https:\/\/andaluciainformacion.es\/sevilla\/917683\/la-bienal-enciende-sevilla-la-propuesta-cultural-mas-jonda-de-la-diputacion\/\" target=\"_blank\">La Bienal enciende Sevilla, la propuesta cultural m\u00e1s jonda de la Diputaci\u00f3n<\/a><\/h5>\t\t\t\t<\/div>\n\t\t\t\t<\/div>\n\t\t\t\t\t<\/div>\n\t\t<\/div>\n\t\t\t\t\t<\/div>\n\t\t<\/section>\n\t\t\t\t<section class=\"elementor-section elementor-inner-section elementor-element elementor-element-33378d5 elementor-section-content-middle elementor-section-boxed elementor-section-height-default elementor-section-height-default\" data-id=\"33378d5\" data-element_type=\"section\" data-e-type=\"section\">\n\t\t\t\t\t\t<div class=\"elementor-container elementor-column-gap-default\">\n\t\t\t\t\t<div class=\"elementor-column elementor-col-50 elementor-inner-column elementor-element elementor-element-1d3ad47\" data-id=\"1d3ad47\" data-element_type=\"column\" data-e-type=\"column\">\n\t\t\t<div class=\"elementor-widget-wrap elementor-element-populated\">\n\t\t\t\t\t\t<div class=\"elementor-element elementor-element-f246d9b elementor-widget elementor-widget-image\" data-id=\"f246d9b\" data-element_type=\"widget\" data-e-type=\"widget\" data-widget_type=\"image.default\">\n\t\t\t\t<div class=\"elementor-widget-container\">\n\t\t\t\t\t\t\t\t\t\t\t\t\t\t\t\t<a href=\"https:\/\/cadenaser.com\/emisora\/2020\/09\/04\/radio_sevilla\/1599222988_289367.html\" target=\"_blank\">\n\t\t\t\t\t\t\t<img decoding=\"async\" src=\"https:\/\/gastropass360.com\/wp-content\/uploads\/elementor\/thumbs\/logo-ser-qzp159h2gqi5tg61g57hkbpui3tb8rc00j0lky6b5s.png\" title=\"logo-ser\" alt=\"logo-ser\" loading=\"lazy\" \/>\t\t\t\t\t\t\t\t<\/a>\n\t\t\t\t\t\t\t\t\t\t\t\t\t\t\t<\/div>\n\t\t\t\t<\/div>\n\t\t\t\t\t<\/div>\n\t\t<\/div>\n\t\t\t\t<div class=\"elementor-column elementor-col-50 elementor-inner-column elementor-element elementor-element-8fbffac\" data-id=\"8fbffac\" data-element_type=\"column\" data-e-type=\"column\">\n\t\t\t<div class=\"elementor-widget-wrap elementor-element-populated\">\n\t\t\t\t\t\t<div class=\"elementor-element elementor-element-42e51c7 elementor-widget elementor-widget-heading\" data-id=\"42e51c7\" data-element_type=\"widget\" data-e-type=\"widget\" data-widget_type=\"heading.default\">\n\t\t\t\t<div class=\"elementor-widget-container\">\n\t\t\t\t\t<h5 class=\"elementor-heading-title elementor-size-default\"><a href=\"https:\/\/cadenaser.com\/emisora\/2020\/09\/04\/radio_sevilla\/1599222988_289367.html\" target=\"_blank\">La exposici\u00f3n 'Mor\u00f3n, tierra de son y de cal' centra las actividades paralelas de la Bienal<\/a><\/h5>\t\t\t\t<\/div>\n\t\t\t\t<\/div>\n\t\t\t\t\t<\/div>\n\t\t<\/div>\n\t\t\t\t\t<\/div>\n\t\t<\/section>\n\t\t\t\t<section class=\"elementor-section elementor-inner-section elementor-element elementor-element-83c8b3c elementor-section-content-middle elementor-section-boxed elementor-section-height-default elementor-section-height-default\" data-id=\"83c8b3c\" data-element_type=\"section\" data-e-type=\"section\">\n\t\t\t\t\t\t<div class=\"elementor-container elementor-column-gap-default\">\n\t\t\t\t\t<div class=\"elementor-column elementor-col-50 elementor-inner-column elementor-element elementor-element-0d42823\" data-id=\"0d42823\" data-element_type=\"column\" data-e-type=\"column\">\n\t\t\t<div class=\"elementor-widget-wrap elementor-element-populated\">\n\t\t\t\t\t\t<div class=\"elementor-element elementor-element-9033c83 elementor-widget elementor-widget-image\" data-id=\"9033c83\" data-element_type=\"widget\" data-e-type=\"widget\" data-widget_type=\"image.default\">\n\t\t\t\t<div class=\"elementor-widget-container\">\n\t\t\t\t\t\t\t\t\t\t\t\t\t\t\t\t<a href=\"http:\/\/gelannoticias.blogspot.com\/2020\/09\/la-bienal-enciende-sevilla-con.html\" target=\"_blank\">\n\t\t\t\t\t\t\t<img loading=\"lazy\" decoding=\"async\" width=\"373\" height=\"96\" src=\"https:\/\/gastropass360.com\/wp-content\/uploads\/2020\/09\/logo-gelan-noticias.png\" class=\"attachment-large size-large wp-image-2835\" alt=\"\" srcset=\"https:\/\/gastropass360.com\/wp-content\/uploads\/2020\/09\/logo-gelan-noticias.png 373w, https:\/\/gastropass360.com\/wp-content\/uploads\/2020\/09\/logo-gelan-noticias-300x77.png 300w\" sizes=\"(max-width: 373px) 100vw, 373px\" \/>\t\t\t\t\t\t\t\t<\/a>\n\t\t\t\t\t\t\t\t\t\t\t\t\t\t\t<\/div>\n\t\t\t\t<\/div>\n\t\t\t\t\t<\/div>\n\t\t<\/div>\n\t\t\t\t<div class=\"elementor-column elementor-col-50 elementor-inner-column elementor-element elementor-element-5541d19\" data-id=\"5541d19\" data-element_type=\"column\" data-e-type=\"column\">\n\t\t\t<div class=\"elementor-widget-wrap elementor-element-populated\">\n\t\t\t\t\t\t<div class=\"elementor-element elementor-element-b51ceae elementor-widget elementor-widget-heading\" data-id=\"b51ceae\" data-element_type=\"widget\" data-e-type=\"widget\" data-widget_type=\"heading.default\">\n\t\t\t\t<div class=\"elementor-widget-container\">\n\t\t\t\t\t<h5 class=\"elementor-heading-title elementor-size-default\"><a href=\"http:\/\/gelannoticias.blogspot.com\/2020\/09\/la-bienal-enciende-sevilla-con.html\" target=\"_blank\">La Bienal \"Enciende Sevilla\" con ponencias, encuentros, publicaciones, maridajes, exposiciones y rutas que completan la experiencia flamenca del festival<\/a><\/h5>\t\t\t\t<\/div>\n\t\t\t\t<\/div>\n\t\t\t\t\t<\/div>\n\t\t<\/div>\n\t\t\t\t\t<\/div>\n\t\t<\/section>\n\t\t\t\t<section class=\"elementor-section elementor-inner-section elementor-element elementor-element-b8d171c elementor-section-content-middle elementor-section-boxed elementor-section-height-default elementor-section-height-default\" data-id=\"b8d171c\" data-element_type=\"section\" data-e-type=\"section\">\n\t\t\t\t\t\t<div class=\"elementor-container elementor-column-gap-default\">\n\t\t\t\t\t<div class=\"elementor-column elementor-col-50 elementor-inner-column elementor-element elementor-element-82d8eba\" data-id=\"82d8eba\" data-element_type=\"column\" data-e-type=\"column\">\n\t\t\t<div class=\"elementor-widget-wrap elementor-element-populated\">\n\t\t\t\t\t\t<div class=\"elementor-element elementor-element-a7c4b93 elementor-widget elementor-widget-image\" data-id=\"a7c4b93\" data-element_type=\"widget\" data-e-type=\"widget\" data-widget_type=\"image.default\">\n\t\t\t\t<div class=\"elementor-widget-container\">\n\t\t\t\t\t\t\t\t\t\t\t\t\t\t\t\t<a href=\"https:\/\/www.sevillaactualidad.com\/cultura\/157256-rutas-encuentros-exposiciones-las-propuestas-culturales-de-sevilla-en-torno-a-la-bienal\/\" target=\"_blank\">\n\t\t\t\t\t\t\t<img decoding=\"async\" src=\"https:\/\/gastropass360.com\/wp-content\/uploads\/elementor\/thumbs\/logo-sevilla-actualidad-qzp159h2gqi5tg61g57hkbpui3tb8rc00j0lky6b5s.png\" title=\"logo-sevilla-actualidad\" alt=\"logo-sevilla-actualidad\" loading=\"lazy\" \/>\t\t\t\t\t\t\t\t<\/a>\n\t\t\t\t\t\t\t\t\t\t\t\t\t\t\t<\/div>\n\t\t\t\t<\/div>\n\t\t\t\t\t<\/div>\n\t\t<\/div>\n\t\t\t\t<div class=\"elementor-column elementor-col-50 elementor-inner-column elementor-element elementor-element-20e1720\" data-id=\"20e1720\" data-element_type=\"column\" data-e-type=\"column\">\n\t\t\t<div class=\"elementor-widget-wrap elementor-element-populated\">\n\t\t\t\t\t\t<div class=\"elementor-element elementor-element-849d400 elementor-widget elementor-widget-heading\" data-id=\"849d400\" data-element_type=\"widget\" data-e-type=\"widget\" data-widget_type=\"heading.default\">\n\t\t\t\t<div class=\"elementor-widget-container\">\n\t\t\t\t\t<h5 class=\"elementor-heading-title elementor-size-default\"><a href=\"https:\/\/www.sevillaactualidad.com\/cultura\/157256-rutas-encuentros-exposiciones-las-propuestas-culturales-de-sevilla-en-torno-a-la-bienal\/\" target=\"_blank\">Rutas, encuentros, exposiciones: las propuestas culturales de Sevilla en torno a la Bienal<\/a><\/h5>\t\t\t\t<\/div>\n\t\t\t\t<\/div>\n\t\t\t\t\t<\/div>\n\t\t<\/div>\n\t\t\t\t\t<\/div>\n\t\t<\/section>\n\t\t\t\t<section class=\"elementor-section elementor-inner-section elementor-element elementor-element-9fe1e69 elementor-section-content-middle elementor-section-boxed elementor-section-height-default elementor-section-height-default\" data-id=\"9fe1e69\" data-element_type=\"section\" data-e-type=\"section\">\n\t\t\t\t\t\t<div class=\"elementor-container elementor-column-gap-default\">\n\t\t\t\t\t<div class=\"elementor-column elementor-col-50 elementor-inner-column elementor-element elementor-element-e089bf5\" data-id=\"e089bf5\" data-element_type=\"column\" data-e-type=\"column\">\n\t\t\t<div class=\"elementor-widget-wrap elementor-element-populated\">\n\t\t\t\t\t\t<div class=\"elementor-element elementor-element-4e35806 elementor-widget elementor-widget-image\" data-id=\"4e35806\" data-element_type=\"widget\" data-e-type=\"widget\" data-widget_type=\"image.default\">\n\t\t\t\t<div class=\"elementor-widget-container\">\n\t\t\t\t\t\t\t\t\t\t\t\t\t\t\t\t<a href=\"http:\/\/www.gentedigital.es\/sevilla\/noticia\/2955809\/una-veintena-de-ponencias-encuentros-maridajes-muestras-y-rutas-con-la-bienal-enciende-sevilla\/\" target=\"_blank\">\n\t\t\t\t\t\t\t<img decoding=\"async\" src=\"https:\/\/gastropass360.com\/wp-content\/uploads\/elementor\/thumbs\/logo-gente-digital-qzp159h2gqi5tg61g57hkbpui3tb8rc00j0lky6b5s.png\" title=\"logo-gente-digital\" alt=\"logo-gente-digital\" loading=\"lazy\" \/>\t\t\t\t\t\t\t\t<\/a>\n\t\t\t\t\t\t\t\t\t\t\t\t\t\t\t<\/div>\n\t\t\t\t<\/div>\n\t\t\t\t\t<\/div>\n\t\t<\/div>\n\t\t\t\t<div class=\"elementor-column elementor-col-50 elementor-inner-column elementor-element elementor-element-43ef39d\" data-id=\"43ef39d\" data-element_type=\"column\" data-e-type=\"column\">\n\t\t\t<div class=\"elementor-widget-wrap elementor-element-populated\">\n\t\t\t\t\t\t<div class=\"elementor-element elementor-element-44073e9 elementor-widget elementor-widget-heading\" data-id=\"44073e9\" data-element_type=\"widget\" data-e-type=\"widget\" data-widget_type=\"heading.default\">\n\t\t\t\t<div class=\"elementor-widget-container\">\n\t\t\t\t\t<h5 class=\"elementor-heading-title elementor-size-default\"><a href=\"http:\/\/www.gentedigital.es\/sevilla\/noticia\/2955809\/una-veintena-de-ponencias-encuentros-maridajes-muestras-y-rutas-con-la-bienal-enciende-sevilla\/\" target=\"_blank\">Una veintena de ponencias, encuentros, maridajes, muestras y rutas, con 'La Bienal enciende Sevilla'<\/a><\/h5>\t\t\t\t<\/div>\n\t\t\t\t<\/div>\n\t\t\t\t\t<\/div>\n\t\t<\/div>\n\t\t\t\t\t<\/div>\n\t\t<\/section>\n\t\t\t\t<div class=\"elementor-element elementor-element-ebdab53 elementor-widget elementor-widget-image\" data-id=\"ebdab53\" data-element_type=\"widget\" data-e-type=\"widget\" data-widget_type=\"image.default\">\n\t\t\t\t<div class=\"elementor-widget-container\">\n\t\t\t\t\t\t\t\t\t\t\t\t\t\t\t<img loading=\"lazy\" decoding=\"async\" width=\"187\" height=\"69\" src=\"https:\/\/gastropass360.com\/wp-content\/uploads\/2022\/10\/Grupo-896.jpg\" class=\"attachment-large size-large wp-image-4460\" alt=\"\" \/>\t\t\t\t\t\t\t\t\t\t\t\t\t\t\t<\/div>\n\t\t\t\t<\/div>\n\t\t\t\t<section class=\"elementor-section elementor-inner-section elementor-element elementor-element-8be58e4 elementor-section-content-middle elementor-section-boxed elementor-section-height-default elementor-section-height-default\" data-id=\"8be58e4\" data-element_type=\"section\" data-e-type=\"section\">\n\t\t\t\t\t\t<div class=\"elementor-container elementor-column-gap-default\">\n\t\t\t\t\t<div class=\"elementor-column elementor-col-50 elementor-inner-column elementor-element elementor-element-307ee91\" data-id=\"307ee91\" data-element_type=\"column\" data-e-type=\"column\">\n\t\t\t<div class=\"elementor-widget-wrap elementor-element-populated\">\n\t\t\t\t\t\t<div class=\"elementor-element elementor-element-adc7f42 elementor-widget elementor-widget-image\" data-id=\"adc7f42\" data-element_type=\"widget\" data-e-type=\"widget\" data-widget_type=\"image.default\">\n\t\t\t\t<div class=\"elementor-widget-container\">\n\t\t\t\t\t\t\t\t\t\t\t\t\t\t\t\t<a href=\"https:\/\/www.elpublicista.es\/festivales-y-premios\/publicidad-espanola-consigue-tres-premios-imc-european-awards\" target=\"_blank\">\n\t\t\t\t\t\t\t<img decoding=\"async\" src=\"https:\/\/gastropass360.com\/wp-content\/uploads\/elementor\/thumbs\/logo-1592821748-qzp15gzrzesgebv488gi49tj96s8yc5upk8hf5v5s0.jpg\" title=\"logo-1592821748\" alt=\"logo-1592821748\" loading=\"lazy\" \/>\t\t\t\t\t\t\t\t<\/a>\n\t\t\t\t\t\t\t\t\t\t\t\t\t\t\t<\/div>\n\t\t\t\t<\/div>\n\t\t\t\t\t<\/div>\n\t\t<\/div>\n\t\t\t\t<div class=\"elementor-column elementor-col-50 elementor-inner-column elementor-element elementor-element-edb1aae\" data-id=\"edb1aae\" data-element_type=\"column\" data-e-type=\"column\">\n\t\t\t<div class=\"elementor-widget-wrap elementor-element-populated\">\n\t\t\t\t\t\t<div class=\"elementor-element elementor-element-da34cf3 elementor-widget elementor-widget-heading\" data-id=\"da34cf3\" data-element_type=\"widget\" data-e-type=\"widget\" data-widget_type=\"heading.default\">\n\t\t\t\t<div class=\"elementor-widget-container\">\n\t\t\t\t\t<h5 class=\"elementor-heading-title elementor-size-default\"><a href=\"https:\/\/www.elpublicista.es\/festivales-y-premios\/publicidad-espanola-consigue-tres-premios-imc-european-awards\" target=\"_blank\">Spanish advertising wins three awards at the IMC European Awards 2019<\/a><\/h5>\t\t\t\t<\/div>\n\t\t\t\t<\/div>\n\t\t\t\t\t<\/div>\n\t\t<\/div>\n\t\t\t\t\t<\/div>\n\t\t<\/section>\n\t\t\t\t<section class=\"elementor-section elementor-inner-section elementor-element elementor-element-8bb4c2e elementor-section-content-middle elementor-section-boxed elementor-section-height-default elementor-section-height-default\" data-id=\"8bb4c2e\" data-element_type=\"section\" data-e-type=\"section\">\n\t\t\t\t\t\t<div class=\"elementor-container elementor-column-gap-default\">\n\t\t\t\t\t<div class=\"elementor-column elementor-col-50 elementor-inner-column elementor-element elementor-element-d58908c\" data-id=\"d58908c\" data-element_type=\"column\" data-e-type=\"column\">\n\t\t\t<div class=\"elementor-widget-wrap elementor-element-populated\">\n\t\t\t\t\t\t<div class=\"elementor-element elementor-element-234046f elementor-widget elementor-widget-image\" data-id=\"234046f\" data-element_type=\"widget\" data-e-type=\"widget\" data-widget_type=\"image.default\">\n\t\t\t\t<div class=\"elementor-widget-container\">\n\t\t\t\t\t\t\t\t\t\t\t\t\t\t\t\t<a href=\"https:\/\/lapublicidad.net\/premios-espana-imc-awards\/\" target=\"_blank\">\n\t\t\t\t\t\t\t<img decoding=\"async\" src=\"https:\/\/gastropass360.com\/wp-content\/uploads\/elementor\/thumbs\/LogoWebLaPublicidADRetina-qzp15gzrzesgebv488gi49tj96s8yc5upk8hf5v5s0.jpg\" title=\"LogoWebLaPublicidADRetina\" alt=\"LogoWebLaPublicidADRetina\" loading=\"lazy\" \/>\t\t\t\t\t\t\t\t<\/a>\n\t\t\t\t\t\t\t\t\t\t\t\t\t\t\t<\/div>\n\t\t\t\t<\/div>\n\t\t\t\t\t<\/div>\n\t\t<\/div>\n\t\t\t\t<div class=\"elementor-column elementor-col-50 elementor-inner-column elementor-element elementor-element-0ee5fdf\" data-id=\"0ee5fdf\" data-element_type=\"column\" data-e-type=\"column\">\n\t\t\t<div class=\"elementor-widget-wrap elementor-element-populated\">\n\t\t\t\t\t\t<div class=\"elementor-element elementor-element-cce68fc elementor-widget elementor-widget-heading\" data-id=\"cce68fc\" data-element_type=\"widget\" data-e-type=\"widget\" data-widget_type=\"heading.default\">\n\t\t\t\t<div class=\"elementor-widget-container\">\n\t\t\t\t\t<h5 class=\"elementor-heading-title elementor-size-default\"><a href=\"https:\/\/lapublicidad.net\/premios-espana-imc-awards\/\" target=\"_blank\">The award-winning agency has been 360\u00ba Marketing &amp; Communication, with three awards for its campaign \"Cosas de Mar by Barbadillo\"<\/a><\/h5>\t\t\t\t<\/div>\n\t\t\t\t<\/div>\n\t\t\t\t\t<\/div>\n\t\t<\/div>\n\t\t\t\t\t<\/div>\n\t\t<\/section>\n\t\t\t\t<section class=\"elementor-section elementor-inner-section elementor-element elementor-element-59fc8b4 elementor-section-content-middle elementor-section-boxed elementor-section-height-default elementor-section-height-default\" data-id=\"59fc8b4\" data-element_type=\"section\" data-e-type=\"section\">\n\t\t\t\t\t\t<div class=\"elementor-container elementor-column-gap-default\">\n\t\t\t\t\t<div class=\"elementor-column elementor-col-50 elementor-inner-column elementor-element elementor-element-fd647db\" data-id=\"fd647db\" data-element_type=\"column\" data-e-type=\"column\">\n\t\t\t<div class=\"elementor-widget-wrap elementor-element-populated\">\n\t\t\t\t\t\t<div class=\"elementor-element elementor-element-b52e382 elementor-widget elementor-widget-image\" data-id=\"b52e382\" data-element_type=\"widget\" data-e-type=\"widget\" data-widget_type=\"image.default\">\n\t\t\t\t<div class=\"elementor-widget-container\">\n\t\t\t\t\t\t\t\t\t\t\t\t\t\t\t\t<a href=\"https:\/\/lapublicidad.net\/premios-espana-imc-awards\/\" target=\"_blank\">\n\t\t\t\t\t\t\t<img decoding=\"async\" src=\"https:\/\/gastropass360.com\/wp-content\/uploads\/elementor\/thumbs\/LogoWebLaPublicidADRetina-qzp15gzrzesgebv488gi49tj96s8yc5upk8hf5v5s0.jpg\" title=\"LogoWebLaPublicidADRetina\" alt=\"LogoWebLaPublicidADRetina\" loading=\"lazy\" \/>\t\t\t\t\t\t\t\t<\/a>\n\t\t\t\t\t\t\t\t\t\t\t\t\t\t\t<\/div>\n\t\t\t\t<\/div>\n\t\t\t\t\t<\/div>\n\t\t<\/div>\n\t\t\t\t<div class=\"elementor-column elementor-col-50 elementor-inner-column elementor-element elementor-element-20a8aed\" data-id=\"20a8aed\" data-element_type=\"column\" data-e-type=\"column\">\n\t\t\t<div class=\"elementor-widget-wrap elementor-element-populated\">\n\t\t\t\t\t\t<div class=\"elementor-element elementor-element-afd4147 elementor-widget elementor-widget-heading\" data-id=\"afd4147\" data-element_type=\"widget\" data-e-type=\"widget\" data-widget_type=\"heading.default\">\n\t\t\t\t<div class=\"elementor-widget-container\">\n\t\t\t\t\t<h5 class=\"elementor-heading-title elementor-size-default\"><a href=\"https:\/\/cadenaser.com\/emisora\/2019\/01\/23\/radio_sevilla\/1548231891_827486.html\" target=\"_blank\">\"Gastropass by Barbadillo\" is presented in Seville<\/a><\/h5>\t\t\t\t<\/div>\n\t\t\t\t<\/div>\n\t\t\t\t\t<\/div>\n\t\t<\/div>\n\t\t\t\t\t<\/div>\n\t\t<\/section>\n\t\t\t\t<div class=\"elementor-element elementor-element-3bb2ee8 elementor-widget elementor-widget-image\" data-id=\"3bb2ee8\" data-element_type=\"widget\" data-e-type=\"widget\" data-widget_type=\"image.default\">\n\t\t\t\t<div class=\"elementor-widget-container\">\n\t\t\t\t\t\t\t\t\t\t\t\t\t\t\t<img loading=\"lazy\" decoding=\"async\" width=\"187\" height=\"69\" src=\"https:\/\/gastropass360.com\/wp-content\/uploads\/2022\/10\/Grupo-895.jpg\" class=\"attachment-large size-large wp-image-4452\" alt=\"\" \/>\t\t\t\t\t\t\t\t\t\t\t\t\t\t\t<\/div>\n\t\t\t\t<\/div>\n\t\t\t\t<section class=\"elementor-section elementor-inner-section elementor-element elementor-element-4777c86 elementor-section-content-middle elementor-section-boxed elementor-section-height-default elementor-section-height-default\" data-id=\"4777c86\" data-element_type=\"section\" data-e-type=\"section\">\n\t\t\t\t\t\t<div class=\"elementor-container elementor-column-gap-default\">\n\t\t\t\t\t<div class=\"elementor-column elementor-col-50 elementor-inner-column elementor-element elementor-element-36f20db\" data-id=\"36f20db\" data-element_type=\"column\" data-e-type=\"column\">\n\t\t\t<div class=\"elementor-widget-wrap elementor-element-populated\">\n\t\t\t\t\t\t<div class=\"elementor-element elementor-element-2268208 elementor-widget elementor-widget-image\" data-id=\"2268208\" data-element_type=\"widget\" data-e-type=\"widget\" data-widget_type=\"image.default\">\n\t\t\t\t<div class=\"elementor-widget-container\">\n\t\t\t\t\t\t\t\t\t\t\t\t\t\t\t\t<a href=\"http:\/\/www.primarcomunicacion.es\/2018-una-gran-cosecha-de-premios-en-marketing-para-barbadillo\/\" target=\"_blank\">\n\t\t\t\t\t\t\t<img decoding=\"async\" src=\"https:\/\/gastropass360.com\/wp-content\/uploads\/elementor\/thumbs\/Captura-de-pantalla-2022-07-14-a-las-14.13.20-qzp15gzrzeskhnbz3g6ztozjbyh37ik389c1tr65fk.jpg\" title=\"Captura de pantalla 2022-07-14 a las 14.13.20\" alt=\"Captura de pantalla 2022-07-14 a las 14.13.20\" loading=\"lazy\" \/>\t\t\t\t\t\t\t\t<\/a>\n\t\t\t\t\t\t\t\t\t\t\t\t\t\t\t<\/div>\n\t\t\t\t<\/div>\n\t\t\t\t\t<\/div>\n\t\t<\/div>\n\t\t\t\t<div class=\"elementor-column elementor-col-50 elementor-inner-column elementor-element elementor-element-f737f27\" data-id=\"f737f27\" data-element_type=\"column\" data-e-type=\"column\">\n\t\t\t<div class=\"elementor-widget-wrap elementor-element-populated\">\n\t\t\t\t\t\t<div class=\"elementor-element elementor-element-8ccdbeb elementor-widget elementor-widget-heading\" data-id=\"8ccdbeb\" data-element_type=\"widget\" data-e-type=\"widget\" data-widget_type=\"heading.default\">\n\t\t\t\t<div class=\"elementor-widget-container\">\n\t\t\t\t\t<h5 class=\"elementor-heading-title elementor-size-default\"><a href=\"http:\/\/www.primarcomunicacion.es\/2018-una-gran-cosecha-de-premios-en-marketing-para-barbadillo\/\" target=\"_blank\">2018 a great harvest of Marketing awards for Barbadillo<\/a><\/h5>\t\t\t\t<\/div>\n\t\t\t\t<\/div>\n\t\t\t\t\t<\/div>\n\t\t<\/div>\n\t\t\t\t\t<\/div>\n\t\t<\/section>\n\t\t\t\t<section class=\"elementor-section elementor-inner-section elementor-element elementor-element-4500236 elementor-section-content-middle elementor-section-boxed elementor-section-height-default elementor-section-height-default\" data-id=\"4500236\" data-element_type=\"section\" data-e-type=\"section\">\n\t\t\t\t\t\t<div class=\"elementor-container elementor-column-gap-default\">\n\t\t\t\t\t<div class=\"elementor-column elementor-col-50 elementor-inner-column elementor-element elementor-element-3c1e144\" data-id=\"3c1e144\" data-element_type=\"column\" data-e-type=\"column\">\n\t\t\t<div class=\"elementor-widget-wrap elementor-element-populated\">\n\t\t\t\t\t\t<div class=\"elementor-element elementor-element-84cdc1f elementor-widget elementor-widget-image\" data-id=\"84cdc1f\" data-element_type=\"widget\" data-e-type=\"widget\" data-widget_type=\"image.default\">\n\t\t\t\t<div class=\"elementor-widget-container\">\n\t\t\t\t\t\t\t\t\t\t\t\t\t\t\t\t<a href=\"https:\/\/andaluciainformacion.es\/sevilla\/792305\/2018-una-gran-cosecha-de-premios-en-marketing-para-barbadillo\/\" target=\"_blank\">\n\t\t\t\t\t\t\t<img decoding=\"async\" src=\"https:\/\/gastropass360.com\/wp-content\/uploads\/2022\/10\/Captura-de-pantalla-2022-10-10-a-las-11.18.59.png\" title=\"Captura de pantalla 2022-10-10 a las 11.18.59\" alt=\"Captura de pantalla 2022-10-10 a las 11.18.59\" loading=\"lazy\" \/>\t\t\t\t\t\t\t\t<\/a>\n\t\t\t\t\t\t\t\t\t\t\t\t\t\t\t<\/div>\n\t\t\t\t<\/div>\n\t\t\t\t\t<\/div>\n\t\t<\/div>\n\t\t\t\t<div class=\"elementor-column elementor-col-50 elementor-inner-column elementor-element elementor-element-ef18a0a\" data-id=\"ef18a0a\" data-element_type=\"column\" data-e-type=\"column\">\n\t\t\t<div class=\"elementor-widget-wrap elementor-element-populated\">\n\t\t\t\t\t\t<div class=\"elementor-element elementor-element-088ec2c elementor-widget elementor-widget-heading\" data-id=\"088ec2c\" data-element_type=\"widget\" data-e-type=\"widget\" data-widget_type=\"heading.default\">\n\t\t\t\t<div class=\"elementor-widget-container\">\n\t\t\t\t\t<h5 class=\"elementor-heading-title elementor-size-default\"><a href=\"https:\/\/andaluciainformacion.es\/sevilla\/792305\/2018-una-gran-cosecha-de-premios-en-marketing-para-barbadillo\/\" target=\"_blank\">The Barbadillo winery has won the Advertiser of the Year award at Agripina and 3 European awards at the Integrated Marketing &amp; Communication Awards<\/a><\/h5>\t\t\t\t<\/div>\n\t\t\t\t<\/div>\n\t\t\t\t\t<\/div>\n\t\t<\/div>\n\t\t\t\t\t<\/div>\n\t\t<\/section>\n\t\t\t\t<section class=\"elementor-section elementor-inner-section elementor-element elementor-element-2be27d6 elementor-section-content-middle elementor-section-boxed elementor-section-height-default elementor-section-height-default\" data-id=\"2be27d6\" data-element_type=\"section\" data-e-type=\"section\">\n\t\t\t\t\t\t<div class=\"elementor-container elementor-column-gap-default\">\n\t\t\t\t\t<div class=\"elementor-column elementor-col-50 elementor-inner-column elementor-element elementor-element-8f51fa6\" data-id=\"8f51fa6\" data-element_type=\"column\" data-e-type=\"column\">\n\t\t\t<div class=\"elementor-widget-wrap elementor-element-populated\">\n\t\t\t\t\t\t<div class=\"elementor-element elementor-element-92e21e6 elementor-widget elementor-widget-image\" data-id=\"92e21e6\" data-element_type=\"widget\" data-e-type=\"widget\" data-widget_type=\"image.default\">\n\t\t\t\t<div class=\"elementor-widget-container\">\n\t\t\t\t\t\t\t\t\t\t\t\t\t\t\t\t<a href=\"https:\/\/www.marketingdirecto.com\/marketing-general\/marketing\/espana-se-hace-con-seis-premios-en-los-imc-european-awards-2018\" target=\"_blank\">\n\t\t\t\t\t\t\t<img decoding=\"async\" src=\"https:\/\/gastropass360.com\/wp-content\/uploads\/elementor\/thumbs\/Captura-de-pantalla-2022-10-10-a-las-12.03.20-qzp15gzrzeskhnbz3g6ztozjbyh37ik389c1tr65fk.png\" title=\"Captura de pantalla 2022-10-10 a las 12.03.20\" alt=\"Captura de pantalla 2022-10-10 a las 12.03.20\" loading=\"lazy\" \/>\t\t\t\t\t\t\t\t<\/a>\n\t\t\t\t\t\t\t\t\t\t\t\t\t\t\t<\/div>\n\t\t\t\t<\/div>\n\t\t\t\t\t<\/div>\n\t\t<\/div>\n\t\t\t\t<div class=\"elementor-column elementor-col-50 elementor-inner-column elementor-element elementor-element-172ad81\" data-id=\"172ad81\" data-element_type=\"column\" data-e-type=\"column\">\n\t\t\t<div class=\"elementor-widget-wrap elementor-element-populated\">\n\t\t\t\t\t\t<div class=\"elementor-element elementor-element-b050c06 elementor-widget elementor-widget-heading\" data-id=\"b050c06\" data-element_type=\"widget\" data-e-type=\"widget\" data-widget_type=\"heading.default\">\n\t\t\t\t<div class=\"elementor-widget-container\">\n\t\t\t\t\t<h5 class=\"elementor-heading-title elementor-size-default\"><a href=\"https:\/\/www.marketingdirecto.com\/marketing-general\/marketing\/espana-se-hace-con-seis-premios-en-los-imc-european-awards-2018\" target=\"_blank\">Spain wins six awards at the IMC European Awards 2018<\/a><\/h5>\t\t\t\t<\/div>\n\t\t\t\t<\/div>\n\t\t\t\t\t<\/div>\n\t\t<\/div>\n\t\t\t\t\t<\/div>\n\t\t<\/section>\n\t\t\t\t<section class=\"elementor-section elementor-inner-section elementor-element elementor-element-766d06f elementor-section-content-middle elementor-section-boxed elementor-section-height-default elementor-section-height-default\" data-id=\"766d06f\" data-element_type=\"section\" data-e-type=\"section\">\n\t\t\t\t\t\t<div class=\"elementor-container elementor-column-gap-default\">\n\t\t\t\t\t<div class=\"elementor-column elementor-col-50 elementor-inner-column elementor-element elementor-element-bf3736e\" data-id=\"bf3736e\" data-element_type=\"column\" data-e-type=\"column\">\n\t\t\t<div class=\"elementor-widget-wrap elementor-element-populated\">\n\t\t\t\t\t\t<div class=\"elementor-element elementor-element-df1f906 elementor-widget elementor-widget-image\" data-id=\"df1f906\" data-element_type=\"widget\" data-e-type=\"widget\" data-widget_type=\"image.default\">\n\t\t\t\t<div class=\"elementor-widget-container\">\n\t\t\t\t\t\t\t\t\t\t\t\t\t\t\t\t<a href=\"https:\/\/www.europapress.es\/epagro\/noticia-bodegas-barbadillo-recibe-reconocimiento-europeo-labor-marketing-comunicacion-20181201105216.html\" target=\"_blank\">\n\t\t\t\t\t\t\t<img decoding=\"async\" src=\"https:\/\/gastropass360.com\/wp-content\/uploads\/elementor\/thumbs\/Captura-de-pantalla-2022-10-10-a-las-12.04.59-qzp15gzrzeskhnbz3g6ztozjbyh37ik389c1tr65fk.png\" title=\"Captura de pantalla 2022-10-10 a las 12.04.59\" alt=\"Captura de pantalla 2022-10-10 a las 12.04.59\" loading=\"lazy\" \/>\t\t\t\t\t\t\t\t<\/a>\n\t\t\t\t\t\t\t\t\t\t\t\t\t\t\t<\/div>\n\t\t\t\t<\/div>\n\t\t\t\t\t<\/div>\n\t\t<\/div>\n\t\t\t\t<div class=\"elementor-column elementor-col-50 elementor-inner-column elementor-element elementor-element-d48ecda\" data-id=\"d48ecda\" data-element_type=\"column\" data-e-type=\"column\">\n\t\t\t<div class=\"elementor-widget-wrap elementor-element-populated\">\n\t\t\t\t\t\t<div class=\"elementor-element elementor-element-e6f1db1 elementor-widget elementor-widget-heading\" data-id=\"e6f1db1\" data-element_type=\"widget\" data-e-type=\"widget\" data-widget_type=\"heading.default\">\n\t\t\t\t<div class=\"elementor-widget-container\">\n\t\t\t\t\t<h5 class=\"elementor-heading-title elementor-size-default\"><a href=\"https:\/\/www.europapress.es\/epagro\/noticia-bodegas-barbadillo-recibe-reconocimiento-europeo-labor-marketing-comunicacion-20181201105216.html\" target=\"_blank\">Bodegas Barbadillo receives a European recognition for its work in marketing and communication<\/a><\/h5>\t\t\t\t<\/div>\n\t\t\t\t<\/div>\n\t\t\t\t\t<\/div>\n\t\t<\/div>\n\t\t\t\t\t<\/div>\n\t\t<\/section>\n\t\t\t\t<section class=\"elementor-section elementor-inner-section elementor-element elementor-element-e2f30de elementor-section-content-middle elementor-section-boxed elementor-section-height-default elementor-section-height-default\" data-id=\"e2f30de\" data-element_type=\"section\" data-e-type=\"section\">\n\t\t\t\t\t\t<div class=\"elementor-container elementor-column-gap-default\">\n\t\t\t\t\t<div class=\"elementor-column elementor-col-50 elementor-inner-column elementor-element elementor-element-783242d\" data-id=\"783242d\" data-element_type=\"column\" data-e-type=\"column\">\n\t\t\t<div class=\"elementor-widget-wrap elementor-element-populated\">\n\t\t\t\t\t\t<div class=\"elementor-element elementor-element-1420c11 elementor-widget elementor-widget-image\" data-id=\"1420c11\" data-element_type=\"widget\" data-e-type=\"widget\" data-widget_type=\"image.default\">\n\t\t\t\t<div class=\"elementor-widget-container\">\n\t\t\t\t\t\t\t\t\t\t\t\t\t\t\t\t<a href=\"https:\/\/vivacordoba.es\/sevilla\/792305\/2018-una-gran-cosecha-de-premios-en-marketing-para-barbadillo\/\" target=\"_blank\">\n\t\t\t\t\t\t\t<img decoding=\"async\" src=\"https:\/\/gastropass360.com\/wp-content\/uploads\/elementor\/thumbs\/Captura-de-pantalla-2022-10-10-a-las-12.05.59-qzp15gzrzeskhnbz3g6ztozjbyh37ik389c1tr65fk.png\" title=\"Captura de pantalla 2022-10-10 a las 12.05.59\" alt=\"Captura de pantalla 2022-10-10 a las 12.05.59\" loading=\"lazy\" \/>\t\t\t\t\t\t\t\t<\/a>\n\t\t\t\t\t\t\t\t\t\t\t\t\t\t\t<\/div>\n\t\t\t\t<\/div>\n\t\t\t\t\t<\/div>\n\t\t<\/div>\n\t\t\t\t<div class=\"elementor-column elementor-col-50 elementor-inner-column elementor-element elementor-element-4efb184\" data-id=\"4efb184\" data-element_type=\"column\" data-e-type=\"column\">\n\t\t\t<div class=\"elementor-widget-wrap elementor-element-populated\">\n\t\t\t\t\t\t<div class=\"elementor-element elementor-element-6950f06 elementor-widget elementor-widget-heading\" data-id=\"6950f06\" data-element_type=\"widget\" data-e-type=\"widget\" data-widget_type=\"heading.default\">\n\t\t\t\t<div class=\"elementor-widget-container\">\n\t\t\t\t\t<h5 class=\"elementor-heading-title elementor-size-default\"><a href=\"https:\/\/vivacordoba.es\/sevilla\/792305\/2018-una-gran-cosecha-de-premios-en-marketing-para-barbadillo\/\" target=\"_blank\">2018 a great harvest of Marketing awards for Barbadillo<\/a><\/h5>\t\t\t\t<\/div>\n\t\t\t\t<\/div>\n\t\t\t\t\t<\/div>\n\t\t<\/div>\n\t\t\t\t\t<\/div>\n\t\t<\/section>\n\t\t\t\t<section class=\"elementor-section elementor-inner-section elementor-element elementor-element-f41e24f elementor-section-content-middle elementor-section-boxed elementor-section-height-default elementor-section-height-default\" data-id=\"f41e24f\" data-element_type=\"section\" data-e-type=\"section\">\n\t\t\t\t\t\t<div class=\"elementor-container elementor-column-gap-default\">\n\t\t\t\t\t<div class=\"elementor-column elementor-col-50 elementor-inner-column elementor-element elementor-element-53c4f10\" data-id=\"53c4f10\" data-element_type=\"column\" data-e-type=\"column\">\n\t\t\t<div class=\"elementor-widget-wrap elementor-element-populated\">\n\t\t\t\t\t\t<div class=\"elementor-element elementor-element-8320444 elementor-widget elementor-widget-image\" data-id=\"8320444\" data-element_type=\"widget\" data-e-type=\"widget\" data-widget_type=\"image.default\">\n\t\t\t\t<div class=\"elementor-widget-container\">\n\t\t\t\t\t\t\t\t\t\t\t\t\t\t\t\t<a href=\"https:\/\/www.vinetur.com\/2018113048876\/2018-una-gran-cosecha-de-premios-en-marketing-para-barbadillo.html\" target=\"_blank\">\n\t\t\t\t\t\t\t<img decoding=\"async\" src=\"https:\/\/gastropass360.com\/wp-content\/uploads\/elementor\/thumbs\/Captura-de-pantalla-2022-10-10-a-las-12.08.11-qzp15gzrzeskhnbz3g6ztozjbyh37ik389c1tr65fk.png\" title=\"Captura de pantalla 2022-10-10 a las 12.08.11\" alt=\"Captura de pantalla 2022-10-10 a las 12.08.11\" loading=\"lazy\" \/>\t\t\t\t\t\t\t\t<\/a>\n\t\t\t\t\t\t\t\t\t\t\t\t\t\t\t<\/div>\n\t\t\t\t<\/div>\n\t\t\t\t\t<\/div>\n\t\t<\/div>\n\t\t\t\t<div class=\"elementor-column elementor-col-50 elementor-inner-column elementor-element elementor-element-5b64d69\" data-id=\"5b64d69\" data-element_type=\"column\" data-e-type=\"column\">\n\t\t\t<div class=\"elementor-widget-wrap elementor-element-populated\">\n\t\t\t\t\t\t<div class=\"elementor-element elementor-element-598ed91 elementor-widget elementor-widget-heading\" data-id=\"598ed91\" data-element_type=\"widget\" data-e-type=\"widget\" data-widget_type=\"heading.default\">\n\t\t\t\t<div class=\"elementor-widget-container\">\n\t\t\t\t\t<h5 class=\"elementor-heading-title elementor-size-default\"><a href=\"https:\/\/www.vinetur.com\/2018113048876\/2018-una-gran-cosecha-de-premios-en-marketing-para-barbadillo.html\" target=\"_blank\">2018 a great harvest of Marketing awards for Barbadillo<\/a><\/h5>\t\t\t\t<\/div>\n\t\t\t\t<\/div>\n\t\t\t\t\t<\/div>\n\t\t<\/div>\n\t\t\t\t\t<\/div>\n\t\t<\/section>\n\t\t\t\t<div class=\"elementor-element elementor-element-c0b9111 elementor-widget elementor-widget-image\" data-id=\"c0b9111\" data-element_type=\"widget\" data-e-type=\"widget\" data-widget_type=\"image.default\">\n\t\t\t\t<div class=\"elementor-widget-container\">\n\t\t\t\t\t\t\t\t\t\t\t\t\t\t\t<img loading=\"lazy\" decoding=\"async\" width=\"187\" height=\"69\" src=\"https:\/\/gastropass360.com\/wp-content\/uploads\/2022\/10\/Grupo-913.png\" class=\"attachment-large size-large wp-image-4540\" alt=\"\" \/>\t\t\t\t\t\t\t\t\t\t\t\t\t\t\t<\/div>\n\t\t\t\t<\/div>\n\t\t\t\t<section class=\"elementor-section elementor-inner-section elementor-element elementor-element-88f89cc elementor-section-content-middle elementor-section-boxed elementor-section-height-default elementor-section-height-default\" data-id=\"88f89cc\" data-element_type=\"section\" data-e-type=\"section\">\n\t\t\t\t\t\t<div class=\"elementor-container elementor-column-gap-default\">\n\t\t\t\t\t<div class=\"elementor-column elementor-col-50 elementor-inner-column elementor-element elementor-element-9460e9c\" data-id=\"9460e9c\" data-element_type=\"column\" data-e-type=\"column\">\n\t\t\t<div class=\"elementor-widget-wrap elementor-element-populated\">\n\t\t\t\t\t\t<div class=\"elementor-element elementor-element-0a4ea42 elementor-widget elementor-widget-image\" data-id=\"0a4ea42\" data-element_type=\"widget\" data-e-type=\"widget\" data-widget_type=\"image.default\">\n\t\t\t\t<div class=\"elementor-widget-container\">\n\t\t\t\t\t\t\t\t\t\t\t\t\t\t\t\t<a href=\"https:\/\/www.elpublicista.es\/festivales-y-premios\/espana-recoge-tres-metales-imc-european-awards-2017\" target=\"_blank\">\n\t\t\t\t\t\t\t<img decoding=\"async\" src=\"https:\/\/gastropass360.com\/wp-content\/uploads\/elementor\/thumbs\/logo-1592821748-qzp15gzrzesgebv488gi49tj96s8yc5upk8hf5v5s0.jpg\" title=\"logo-1592821748\" alt=\"logo-1592821748\" loading=\"lazy\" \/>\t\t\t\t\t\t\t\t<\/a>\n\t\t\t\t\t\t\t\t\t\t\t\t\t\t\t<\/div>\n\t\t\t\t<\/div>\n\t\t\t\t\t<\/div>\n\t\t<\/div>\n\t\t\t\t<div class=\"elementor-column elementor-col-50 elementor-inner-column elementor-element elementor-element-065e1f3\" data-id=\"065e1f3\" data-element_type=\"column\" data-e-type=\"column\">\n\t\t\t<div class=\"elementor-widget-wrap elementor-element-populated\">\n\t\t\t\t\t\t<div class=\"elementor-element elementor-element-a4d5f95 elementor-widget elementor-widget-heading\" data-id=\"a4d5f95\" data-element_type=\"widget\" data-e-type=\"widget\" data-widget_type=\"heading.default\">\n\t\t\t\t<div class=\"elementor-widget-container\">\n\t\t\t\t\t<h5 class=\"elementor-heading-title elementor-size-default\"><a href=\"https:\/\/www.elpublicista.es\/festivales-y-premios\/espana-recoge-tres-metales-imc-european-awards-2017\" target=\"_blank\">Spain collects three metals at the IMC European Awards 2017<\/a><\/h5>\t\t\t\t<\/div>\n\t\t\t\t<\/div>\n\t\t\t\t\t<\/div>\n\t\t<\/div>\n\t\t\t\t\t<\/div>\n\t\t<\/section>\n\t\t\t\t<section class=\"elementor-section elementor-inner-section elementor-element elementor-element-1fd6b09 elementor-section-content-middle elementor-section-boxed elementor-section-height-default elementor-section-height-default\" data-id=\"1fd6b09\" data-element_type=\"section\" data-e-type=\"section\">\n\t\t\t\t\t\t<div class=\"elementor-container elementor-column-gap-default\">\n\t\t\t\t\t<div class=\"elementor-column elementor-col-50 elementor-inner-column elementor-element elementor-element-708ccc9\" data-id=\"708ccc9\" data-element_type=\"column\" data-e-type=\"column\">\n\t\t\t<div class=\"elementor-widget-wrap elementor-element-populated\">\n\t\t\t\t\t\t<div class=\"elementor-element elementor-element-f92add2 elementor-widget elementor-widget-image\" data-id=\"f92add2\" data-element_type=\"widget\" data-e-type=\"widget\" data-widget_type=\"image.default\">\n\t\t\t\t<div class=\"elementor-widget-container\">\n\t\t\t\t\t\t\t\t\t\t\t\t\t\t\t\t<a href=\"https:\/\/www.tomares.es\/vive-tomares\/noticias\/nace-gastropass-una-guia-que-ofrece-la-gastronomia-de-tomares-paso-paso%20\" target=\"_blank\">\n\t\t\t\t\t\t\t<img decoding=\"async\" src=\"https:\/\/gastropass360.com\/wp-content\/uploads\/elementor\/thumbs\/tomares-.es_-qzp15bcqz88ohmhcjvnssp6ad26v2zz5ulmdpdts38.png\" title=\"tomares .es\" alt=\"tomares .es\" loading=\"lazy\" \/>\t\t\t\t\t\t\t\t<\/a>\n\t\t\t\t\t\t\t\t\t\t\t\t\t\t\t<\/div>\n\t\t\t\t<\/div>\n\t\t\t\t\t<\/div>\n\t\t<\/div>\n\t\t\t\t<div class=\"elementor-column elementor-col-50 elementor-inner-column elementor-element elementor-element-0285e51\" data-id=\"0285e51\" data-element_type=\"column\" data-e-type=\"column\">\n\t\t\t<div class=\"elementor-widget-wrap elementor-element-populated\">\n\t\t\t\t\t\t<div class=\"elementor-element elementor-element-8366a4f elementor-widget elementor-widget-heading\" data-id=\"8366a4f\" data-element_type=\"widget\" data-e-type=\"widget\" data-widget_type=\"heading.default\">\n\t\t\t\t<div class=\"elementor-widget-container\">\n\t\t\t\t\t<h5 class=\"elementor-heading-title elementor-size-default\"><a href=\"https:\/\/www.tomares.es\/vive-tomares\/noticias\/nace-gastropass-una-guia-que-ofrece-la-gastronomia-de-tomares-paso-paso%20\" target=\"_blank\">Nace \u2018Gastropass\u2019, una Gu\u00eda que ofrece la Gastronom\u00eda de Tomares paso a paso<\/a><\/h5>\t\t\t\t<\/div>\n\t\t\t\t<\/div>\n\t\t\t\t\t<\/div>\n\t\t<\/div>\n\t\t\t\t\t<\/div>\n\t\t<\/section>\n\t\t\t\t<div class=\"elementor-element elementor-element-67a92a3 elementor-widget elementor-widget-image\" data-id=\"67a92a3\" data-element_type=\"widget\" data-e-type=\"widget\" data-widget_type=\"image.default\">\n\t\t\t\t<div class=\"elementor-widget-container\">\n\t\t\t\t\t\t\t\t\t\t\t\t\t\t\t<img loading=\"lazy\" decoding=\"async\" width=\"187\" height=\"69\" src=\"https:\/\/gastropass360.com\/wp-content\/uploads\/2022\/10\/Grupo-914.png\" class=\"attachment-large size-large wp-image-4542\" alt=\"\" \/>\t\t\t\t\t\t\t\t\t\t\t\t\t\t\t<\/div>\n\t\t\t\t<\/div>\n\t\t\t\t<section class=\"elementor-section elementor-inner-section elementor-element elementor-element-8f692c6 elementor-section-content-middle elementor-section-boxed elementor-section-height-default elementor-section-height-default\" data-id=\"8f692c6\" data-element_type=\"section\" data-e-type=\"section\">\n\t\t\t\t\t\t<div class=\"elementor-container elementor-column-gap-default\">\n\t\t\t\t\t<div class=\"elementor-column elementor-col-50 elementor-inner-column elementor-element elementor-element-aa3d756\" data-id=\"aa3d756\" data-element_type=\"column\" data-e-type=\"column\">\n\t\t\t<div class=\"elementor-widget-wrap elementor-element-populated\">\n\t\t\t\t\t\t<div class=\"elementor-element elementor-element-71a66ea elementor-widget elementor-widget-image\" data-id=\"71a66ea\" data-element_type=\"widget\" data-e-type=\"widget\" data-widget_type=\"image.default\">\n\t\t\t\t<div class=\"elementor-widget-container\">\n\t\t\t\t\t\t\t\t\t\t\t\t\t\t\t\t<a href=\"https:\/\/www.indisa.es\/al-dia\/gastropass-consolida-barbadillo-como-mejor-guia-turismo-calidad\" target=\"_blank\">\n\t\t\t\t\t\t\t<img decoding=\"async\" src=\"https:\/\/gastropass360.com\/wp-content\/uploads\/elementor\/thumbs\/logotipo_20110301-qzp15gzrzesgebv488gi49tj96s8yc5upk8hf5v5s0.png\" title=\"logotipo_20110301\" alt=\"logotipo_20110301\" loading=\"lazy\" \/>\t\t\t\t\t\t\t\t<\/a>\n\t\t\t\t\t\t\t\t\t\t\t\t\t\t\t<\/div>\n\t\t\t\t<\/div>\n\t\t\t\t\t<\/div>\n\t\t<\/div>\n\t\t\t\t<div class=\"elementor-column elementor-col-50 elementor-inner-column elementor-element elementor-element-6ec8336\" data-id=\"6ec8336\" data-element_type=\"column\" data-e-type=\"column\">\n\t\t\t<div class=\"elementor-widget-wrap elementor-element-populated\">\n\t\t\t\t\t\t<div class=\"elementor-element elementor-element-c9736fa elementor-widget elementor-widget-heading\" data-id=\"c9736fa\" data-element_type=\"widget\" data-e-type=\"widget\" data-widget_type=\"heading.default\">\n\t\t\t\t<div class=\"elementor-widget-container\">\n\t\t\t\t\t<h5 class=\"elementor-heading-title elementor-size-default\"><a href=\"https:\/\/www.indisa.es\/al-dia\/gastropass-consolida-barbadillo-como-mejor-guia-turismo-calidad\" target=\"_blank\">Gastropass se consolida con Barbadillo como la mejor gu\u00eda de Turismo y Gastronom\u00eda de calidad<\/a><\/h5>\t\t\t\t<\/div>\n\t\t\t\t<\/div>\n\t\t\t\t\t<\/div>\n\t\t<\/div>\n\t\t\t\t\t<\/div>\n\t\t<\/section>\n\t\t\t\t<section class=\"elementor-section elementor-inner-section elementor-element elementor-element-e0070d6 elementor-section-content-middle elementor-section-boxed elementor-section-height-default elementor-section-height-default\" data-id=\"e0070d6\" data-element_type=\"section\" data-e-type=\"section\">\n\t\t\t\t\t\t<div class=\"elementor-container elementor-column-gap-default\">\n\t\t\t\t\t<div class=\"elementor-column elementor-col-50 elementor-inner-column elementor-element elementor-element-5a255c8\" data-id=\"5a255c8\" data-element_type=\"column\" data-e-type=\"column\">\n\t\t\t<div class=\"elementor-widget-wrap elementor-element-populated\">\n\t\t\t\t\t\t<div class=\"elementor-element elementor-element-594cd1c elementor-widget elementor-widget-image\" data-id=\"594cd1c\" data-element_type=\"widget\" data-e-type=\"widget\" data-widget_type=\"image.default\">\n\t\t\t\t<div class=\"elementor-widget-container\">\n\t\t\t\t\t\t\t\t\t\t\t\t\t\t\t\t<a href=\"https:\/\/controlpublicidad.com\/festivales-y-premios-publicidad\/presencia-espanola-en-los-imcc-european-awards-\/\" target=\"_blank\">\n\t\t\t\t\t\t\t<img decoding=\"async\" src=\"https:\/\/gastropass360.com\/wp-content\/uploads\/elementor\/thumbs\/Captura-de-pantalla-2022-10-10-a-las-12.17.34-qzp15gzrzesgebv488gi49tj96s8yc5upk8hf5v5s0.png\" title=\"Captura de pantalla 2022-10-10 a las 12.17.34\" alt=\"Captura de pantalla 2022-10-10 a las 12.17.34\" loading=\"lazy\" \/>\t\t\t\t\t\t\t\t<\/a>\n\t\t\t\t\t\t\t\t\t\t\t\t\t\t\t<\/div>\n\t\t\t\t<\/div>\n\t\t\t\t\t<\/div>\n\t\t<\/div>\n\t\t\t\t<div class=\"elementor-column elementor-col-50 elementor-inner-column elementor-element elementor-element-fc7b43f\" data-id=\"fc7b43f\" data-element_type=\"column\" data-e-type=\"column\">\n\t\t\t<div class=\"elementor-widget-wrap elementor-element-populated\">\n\t\t\t\t\t\t<div class=\"elementor-element elementor-element-4aa75dd elementor-widget elementor-widget-heading\" data-id=\"4aa75dd\" data-element_type=\"widget\" data-e-type=\"widget\" data-widget_type=\"heading.default\">\n\t\t\t\t<div class=\"elementor-widget-container\">\n\t\t\t\t\t<h5 class=\"elementor-heading-title elementor-size-default\"><a href=\"https:\/\/www.elpublicista.es\/festivales-y-premios\/espana-recoge-tres-metales-imc-european-awards-2017\" target=\"_blank\">Gastropass se consolida con Barbadillo como la mejor gu\u00eda de Turismo y Gastronom\u00eda de calidad<\/a><\/h5>\t\t\t\t<\/div>\n\t\t\t\t<\/div>\n\t\t\t\t<div class=\"elementor-element elementor-element-ba805ae elementor-widget elementor-widget-image\" data-id=\"ba805ae\" data-element_type=\"widget\" data-e-type=\"widget\" data-widget_type=\"image.default\">\n\t\t\t\t<div class=\"elementor-widget-container\">\n\t\t\t\t\t\t\t\t\t\t\t\t\t\t\t<img loading=\"lazy\" decoding=\"async\" width=\"187\" height=\"69\" src=\"https:\/\/gastropass360.com\/wp-content\/uploads\/2022\/10\/Grupo-915.png\" class=\"attachment-large size-large wp-image-4544\" alt=\"\" \/>\t\t\t\t\t\t\t\t\t\t\t\t\t\t\t<\/div>\n\t\t\t\t<\/div>\n\t\t\t\t\t<\/div>\n\t\t<\/div>\n\t\t\t\t\t<\/div>\n\t\t<\/section>\n\t\t\t\t\t<\/div>\n\t\t<\/div>\n\t\t\t\t\t<\/div>\n\t\t<\/section>\n\t\t\t\t<\/div>\n\t\t","protected":false},"excerpt":{"rendered":"<p>Press Room Alvaro Al\u00e9s, from the 360\u00ba MC Group, president of the EACA IMPACT Awards jury The call for the European EACA IMPACT Awards is open \u00c1lvaro Al\u00e9s, the first Spaniard to chair the IMPACT Awards Our associate \u00c1lvaro Al\u00e9s, CEO of Grupo 360\u00ba MC, the first Spaniard to preside over the IMPACT awards Gastropass [&hellip;]<\/p>\n","protected":false},"author":2,"featured_media":0,"parent":0,"menu_order":0,"comment_status":"closed","ping_status":"closed","template":"","meta":{"footnotes":""},"class_list":["post-4684","page","type-page","status-publish","hentry"],"yoast_head":"<!-- This site is optimized with the Yoast SEO plugin v27.5 - https:\/\/yoast.com\/product\/yoast-seo-wordpress\/ -->\n<title>Press Room - Gastropass 360<\/title>\n<meta name=\"robots\" content=\"index, follow, max-snippet:-1, max-image-preview:large, max-video-preview:-1\" \/>\n<link rel=\"canonical\" href=\"https:\/\/gastropass360.com\/en\/press-room-2\/\" \/>\n<meta property=\"og:locale\" content=\"en_US\" \/>\n<meta property=\"og:type\" content=\"article\" \/>\n<meta property=\"og:title\" content=\"Press Room - Gastropass 360\" \/>\n<meta property=\"og:description\" content=\"Press Room Alvaro Al\u00e9s, from the 360\u00ba MC Group, president of the EACA IMPACT Awards jury The call for the European EACA IMPACT Awards is open \u00c1lvaro Al\u00e9s, the first Spaniard to chair the IMPACT Awards Our associate \u00c1lvaro Al\u00e9s, CEO of Grupo 360\u00ba MC, the first Spaniard to preside over the IMPACT awards Gastropass [&hellip;]\" \/>\n<meta property=\"og:url\" content=\"https:\/\/gastropass360.com\/en\/press-room-2\/\" \/>\n<meta property=\"og:site_name\" content=\"Gastropass 360\" \/>\n<meta property=\"article:publisher\" content=\"https:\/\/www.facebook.com\/Gastropass\/\" \/>\n<meta property=\"og:image\" content=\"https:\/\/gastropass360.com\/wp-content\/uploads\/2022\/10\/2022.jpg\" \/>\n\t<meta property=\"og:image:width\" content=\"187\" \/>\n\t<meta property=\"og:image:height\" content=\"69\" \/>\n\t<meta property=\"og:image:type\" content=\"image\/jpeg\" \/>\n<meta name=\"twitter:card\" content=\"summary_large_image\" \/>\n<meta name=\"twitter:site\" content=\"@guiagastropass\" \/>\n<meta name=\"twitter:label1\" content=\"Est. reading time\" \/>\n\t<meta name=\"twitter:data1\" content=\"3 minutes\" \/>\n<script type=\"application\/ld+json\" class=\"yoast-schema-graph\">{\"@context\":\"https:\\\/\\\/schema.org\",\"@graph\":[{\"@type\":\"WebPage\",\"@id\":\"https:\\\/\\\/gastropass360.com\\\/en\\\/press-room-2\\\/\",\"url\":\"https:\\\/\\\/gastropass360.com\\\/en\\\/press-room-2\\\/\",\"name\":\"Press Room - Gastropass 360\",\"isPartOf\":{\"@id\":\"https:\\\/\\\/gastropass360.com\\\/en\\\/#website\"},\"primaryImageOfPage\":{\"@id\":\"https:\\\/\\\/gastropass360.com\\\/en\\\/press-room-2\\\/#primaryimage\"},\"image\":{\"@id\":\"https:\\\/\\\/gastropass360.com\\\/en\\\/press-room-2\\\/#primaryimage\"},\"thumbnailUrl\":\"https:\\\/\\\/gastropass360.com\\\/wp-content\\\/uploads\\\/2022\\\/10\\\/2022.jpg\",\"datePublished\":\"2025-01-27T17:52:28+00:00\",\"breadcrumb\":{\"@id\":\"https:\\\/\\\/gastropass360.com\\\/en\\\/press-room-2\\\/#breadcrumb\"},\"inLanguage\":\"en-US\",\"potentialAction\":[{\"@type\":\"ReadAction\",\"target\":[\"https:\\\/\\\/gastropass360.com\\\/en\\\/press-room-2\\\/\"]}]},{\"@type\":\"ImageObject\",\"inLanguage\":\"en-US\",\"@id\":\"https:\\\/\\\/gastropass360.com\\\/en\\\/press-room-2\\\/#primaryimage\",\"url\":\"https:\\\/\\\/gastropass360.com\\\/wp-content\\\/uploads\\\/2022\\\/10\\\/2022.jpg\",\"contentUrl\":\"https:\\\/\\\/gastropass360.com\\\/wp-content\\\/uploads\\\/2022\\\/10\\\/2022.jpg\"},{\"@type\":\"BreadcrumbList\",\"@id\":\"https:\\\/\\\/gastropass360.com\\\/en\\\/press-room-2\\\/#breadcrumb\",\"itemListElement\":[{\"@type\":\"ListItem\",\"position\":1,\"name\":\"Portada\",\"item\":\"https:\\\/\\\/gastropass360.com\\\/en\\\/gastropass-360o\\\/\"},{\"@type\":\"ListItem\",\"position\":2,\"name\":\"Press Room\"}]},{\"@type\":\"WebSite\",\"@id\":\"https:\\\/\\\/gastropass360.com\\\/en\\\/#website\",\"url\":\"https:\\\/\\\/gastropass360.com\\\/en\\\/\",\"name\":\"Gastropass 360\",\"description\":\"Gu\u00eda de Gastronom\u00eda y Servicios de Sevilla by Gastropass\",\"publisher\":{\"@id\":\"https:\\\/\\\/gastropass360.com\\\/en\\\/#organization\"},\"potentialAction\":[{\"@type\":\"SearchAction\",\"target\":{\"@type\":\"EntryPoint\",\"urlTemplate\":\"https:\\\/\\\/gastropass360.com\\\/en\\\/?s={search_term_string}\"},\"query-input\":{\"@type\":\"PropertyValueSpecification\",\"valueRequired\":true,\"valueName\":\"search_term_string\"}}],\"inLanguage\":\"en-US\"},{\"@type\":\"Organization\",\"@id\":\"https:\\\/\\\/gastropass360.com\\\/en\\\/#organization\",\"name\":\"Gastropass 360\",\"url\":\"https:\\\/\\\/gastropass360.com\\\/en\\\/\",\"logo\":{\"@type\":\"ImageObject\",\"inLanguage\":\"en-US\",\"@id\":\"https:\\\/\\\/gastropass360.com\\\/en\\\/#\\\/schema\\\/logo\\\/image\\\/\",\"url\":\"https:\\\/\\\/gastropass360.com\\\/wp-content\\\/uploads\\\/2020\\\/09\\\/gastropass-360-logo.png\",\"contentUrl\":\"https:\\\/\\\/gastropass360.com\\\/wp-content\\\/uploads\\\/2020\\\/09\\\/gastropass-360-logo.png\",\"width\":577,\"height\":83,\"caption\":\"Gastropass 360\"},\"image\":{\"@id\":\"https:\\\/\\\/gastropass360.com\\\/en\\\/#\\\/schema\\\/logo\\\/image\\\/\"},\"sameAs\":[\"https:\\\/\\\/www.facebook.com\\\/Gastropass\\\/\",\"https:\\\/\\\/x.com\\\/guiagastropass\",\"https:\\\/\\\/www.instagram.com\\\/guiagastropass\"]}]}<\/script>\n<!-- \/ Yoast SEO plugin. -->","yoast_head_json":{"title":"Press Room - Gastropass 360","robots":{"index":"index","follow":"follow","max-snippet":"max-snippet:-1","max-image-preview":"max-image-preview:large","max-video-preview":"max-video-preview:-1"},"canonical":"https:\/\/gastropass360.com\/en\/press-room-2\/","og_locale":"en_US","og_type":"article","og_title":"Press Room - Gastropass 360","og_description":"Press Room Alvaro Al\u00e9s, from the 360\u00ba MC Group, president of the EACA IMPACT Awards jury The call for the European EACA IMPACT Awards is open \u00c1lvaro Al\u00e9s, the first Spaniard to chair the IMPACT Awards Our associate \u00c1lvaro Al\u00e9s, CEO of Grupo 360\u00ba MC, the first Spaniard to preside over the IMPACT awards Gastropass [&hellip;]","og_url":"https:\/\/gastropass360.com\/en\/press-room-2\/","og_site_name":"Gastropass 360","article_publisher":"https:\/\/www.facebook.com\/Gastropass\/","og_image":[{"width":187,"height":69,"url":"https:\/\/gastropass360.com\/wp-content\/uploads\/2022\/10\/2022.jpg","type":"image\/jpeg"}],"twitter_card":"summary_large_image","twitter_site":"@guiagastropass","twitter_misc":{"Est. reading time":"3 minutes"},"schema":{"@context":"https:\/\/schema.org","@graph":[{"@type":"WebPage","@id":"https:\/\/gastropass360.com\/en\/press-room-2\/","url":"https:\/\/gastropass360.com\/en\/press-room-2\/","name":"Press Room - Gastropass 360","isPartOf":{"@id":"https:\/\/gastropass360.com\/en\/#website"},"primaryImageOfPage":{"@id":"https:\/\/gastropass360.com\/en\/press-room-2\/#primaryimage"},"image":{"@id":"https:\/\/gastropass360.com\/en\/press-room-2\/#primaryimage"},"thumbnailUrl":"https:\/\/gastropass360.com\/wp-content\/uploads\/2022\/10\/2022.jpg","datePublished":"2025-01-27T17:52:28+00:00","breadcrumb":{"@id":"https:\/\/gastropass360.com\/en\/press-room-2\/#breadcrumb"},"inLanguage":"en-US","potentialAction":[{"@type":"ReadAction","target":["https:\/\/gastropass360.com\/en\/press-room-2\/"]}]},{"@type":"ImageObject","inLanguage":"en-US","@id":"https:\/\/gastropass360.com\/en\/press-room-2\/#primaryimage","url":"https:\/\/gastropass360.com\/wp-content\/uploads\/2022\/10\/2022.jpg","contentUrl":"https:\/\/gastropass360.com\/wp-content\/uploads\/2022\/10\/2022.jpg"},{"@type":"BreadcrumbList","@id":"https:\/\/gastropass360.com\/en\/press-room-2\/#breadcrumb","itemListElement":[{"@type":"ListItem","position":1,"name":"Portada","item":"https:\/\/gastropass360.com\/en\/gastropass-360o\/"},{"@type":"ListItem","position":2,"name":"Press Room"}]},{"@type":"WebSite","@id":"https:\/\/gastropass360.com\/en\/#website","url":"https:\/\/gastropass360.com\/en\/","name":"Gastropass 360","description":"Gu\u00eda de Gastronom\u00eda y Servicios de Sevilla by Gastropass","publisher":{"@id":"https:\/\/gastropass360.com\/en\/#organization"},"potentialAction":[{"@type":"SearchAction","target":{"@type":"EntryPoint","urlTemplate":"https:\/\/gastropass360.com\/en\/?s={search_term_string}"},"query-input":{"@type":"PropertyValueSpecification","valueRequired":true,"valueName":"search_term_string"}}],"inLanguage":"en-US"},{"@type":"Organization","@id":"https:\/\/gastropass360.com\/en\/#organization","name":"Gastropass 360","url":"https:\/\/gastropass360.com\/en\/","logo":{"@type":"ImageObject","inLanguage":"en-US","@id":"https:\/\/gastropass360.com\/en\/#\/schema\/logo\/image\/","url":"https:\/\/gastropass360.com\/wp-content\/uploads\/2020\/09\/gastropass-360-logo.png","contentUrl":"https:\/\/gastropass360.com\/wp-content\/uploads\/2020\/09\/gastropass-360-logo.png","width":577,"height":83,"caption":"Gastropass 360"},"image":{"@id":"https:\/\/gastropass360.com\/en\/#\/schema\/logo\/image\/"},"sameAs":["https:\/\/www.facebook.com\/Gastropass\/","https:\/\/x.com\/guiagastropass","https:\/\/www.instagram.com\/guiagastropass"]}]}},"jetpack_sharing_enabled":true,"_links":{"self":[{"href":"https:\/\/gastropass360.com\/en\/wp-json\/wp\/v2\/pages\/4684","targetHints":{"allow":["GET"]}}],"collection":[{"href":"https:\/\/gastropass360.com\/en\/wp-json\/wp\/v2\/pages"}],"about":[{"href":"https:\/\/gastropass360.com\/en\/wp-json\/wp\/v2\/types\/page"}],"author":[{"embeddable":true,"href":"https:\/\/gastropass360.com\/en\/wp-json\/wp\/v2\/users\/2"}],"replies":[{"embeddable":true,"href":"https:\/\/gastropass360.com\/en\/wp-json\/wp\/v2\/comments?post=4684"}],"version-history":[{"count":0,"href":"https:\/\/gastropass360.com\/en\/wp-json\/wp\/v2\/pages\/4684\/revisions"}],"wp:attachment":[{"href":"https:\/\/gastropass360.com\/en\/wp-json\/wp\/v2\/media?parent=4684"}],"curies":[{"name":"wp","href":"https:\/\/api.w.org\/{rel}","templated":true}]}}